{"id":22,"date":"2023-12-21T12:27:59","date_gmt":"2023-12-21T11:27:59","guid":{"rendered":"https:\/\/new.ffst.fr\/?page_id=22"},"modified":"2024-03-10T10:55:04","modified_gmt":"2024-03-10T09:55:04","slug":"nos-actions","status":"publish","type":"page","link":"https:\/\/ffst.fr\/?page_id=22","title":{"rendered":"Nos actions"},"content":{"rendered":"\t\t<div data-elementor-type=\"wp-page\" data-elementor-id=\"22\" class=\"elementor elementor-22\" data-elementor-post-type=\"page\">\n\t\t\t\t<div class=\"elementor-element elementor-element-cd94322 e-flex e-con-boxed e-con e-parent\" data-id=\"cd94322\" data-element_type=\"container\" data-e-type=\"container\" data-settings=\"{&quot;background_background&quot;:&quot;classic&quot;}\">\n\t\t\t\t\t<div class=\"e-con-inner\">\n\t\t\t\t<div class=\"elementor-element elementor-element-c3dbb90 elementor-widget elementor-widget-heading\" data-id=\"c3dbb90\" data-element_type=\"widget\" data-e-type=\"widget\" data-widget_type=\"heading.default\">\n\t\t\t\t<div class=\"elementor-widget-container\">\n\t\t\t\t\t<h1 class=\"elementor-heading-title elementor-size-default\">La FFST agit pour la reconnaissance de la profession<\/h1>\t\t\t\t<\/div>\n\t\t\t\t<\/div>\n\t\t\t\t<div class=\"elementor-element elementor-element-c8c9712 elementor-view-default elementor-widget elementor-widget-icon\" data-id=\"c8c9712\" data-element_type=\"widget\" data-e-type=\"widget\" data-widget_type=\"icon.default\">\n\t\t\t\t<div class=\"elementor-widget-container\">\n\t\t\t\t\t\t\t<div class=\"elementor-icon-wrapper\">\n\t\t\t<div class=\"elementor-icon\">\n\t\t\t<svg xmlns=\"http:\/\/www.w3.org\/2000\/svg\" id=\"Calque_2\" viewBox=\"0 0 20.84 39.31\"><g id=\"Calque_1-2\"><line x1=\"10.42\" y1=\"1\" x2=\"10.42\" y2=\"37.88\" style=\"fill:none; stroke:#1d1d1b; stroke-linecap:round; stroke-miterlimit:10; stroke-width:2px;\"><\/line><polyline points=\"19.84 27.76 10.42 37.84 1 27.76\" style=\"fill:none; stroke:#1d1d1b; stroke-linecap:round; stroke-miterlimit:10; stroke-width:2px;\"><\/polyline><\/g><\/svg>\t\t\t<\/div>\n\t\t<\/div>\n\t\t\t\t\t\t<\/div>\n\t\t\t\t<\/div>\n\t\t\t\t<div class=\"elementor-element elementor-element-60c2457 elementor-widget elementor-widget-spacer\" data-id=\"60c2457\" data-element_type=\"widget\" data-e-type=\"widget\" data-widget_type=\"spacer.default\">\n\t\t\t\t<div class=\"elementor-widget-container\">\n\t\t\t\t\t\t\t<div class=\"elementor-spacer\">\n\t\t\t<div class=\"elementor-spacer-inner\"><\/div>\n\t\t<\/div>\n\t\t\t\t\t\t<\/div>\n\t\t\t\t<\/div>\n\t\t\t\t\t<\/div>\n\t\t\t\t<\/div>\n\t\t<div class=\"elementor-element elementor-element-1d8d35c e-flex e-con-boxed e-con e-parent\" data-id=\"1d8d35c\" data-element_type=\"container\" data-e-type=\"container\" data-settings=\"{&quot;background_background&quot;:&quot;classic&quot;}\">\n\t\t\t\t\t<div class=\"e-con-inner\">\n\t\t\t\t<div class=\"elementor-element elementor-element-440a6fb elementor-absolute elementor-widget elementor-widget-image\" data-id=\"440a6fb\" data-element_type=\"widget\" data-e-type=\"widget\" data-settings=\"{&quot;_position&quot;:&quot;absolute&quot;}\" data-widget_type=\"image.default\">\n\t\t\t\t<div class=\"elementor-widget-container\">\n\t\t\t\t\t\t\t\t\t\t\t\t\t\t\t<img fetchpriority=\"high\" decoding=\"async\" width=\"800\" height=\"800\" src=\"https:\/\/ffst.fr\/wp-content\/uploads\/2024\/01\/element-graphique-ffst-demi-cercle-doree.svg\" class=\"attachment-large size-large wp-image-762\" alt=\"Element graphique demi cercle dor\u00e9e F\u00e9d\u00e9ration Fran\u00e7aise de Shiatsu Traditionnel\" \/>\t\t\t\t\t\t\t\t\t\t\t\t\t\t\t<\/div>\n\t\t\t\t<\/div>\n\t\t<div class=\"elementor-element elementor-element-366354d e-con-full e-flex e-con e-child\" data-id=\"366354d\" data-element_type=\"container\" data-e-type=\"container\">\n\t\t<div class=\"elementor-element elementor-element-2dead0b e-flex e-con-boxed e-con e-child\" data-id=\"2dead0b\" data-element_type=\"container\" data-e-type=\"container\">\n\t\t\t\t\t<div class=\"e-con-inner\">\n\t\t\t\t<div class=\"elementor-element elementor-element-677388f elementor-widget elementor-widget-image\" data-id=\"677388f\" data-element_type=\"widget\" data-e-type=\"widget\" data-widget_type=\"image.default\">\n\t\t\t\t<div class=\"elementor-widget-container\">\n\t\t\t\t\t\t\t\t\t\t\t\t\t\t\t<img decoding=\"async\" width=\"635\" height=\"885\" src=\"https:\/\/ffst.fr\/wp-content\/uploads\/2024\/02\/shiatsu-soins-jambes-ffst.png\" class=\"attachment-large size-large wp-image-2184\" alt=\"Shiatsu humain pratique F\u00e9d\u00e9ration Fran\u00e7aise de Shiatsu Traditionnel\" srcset=\"https:\/\/ffst.fr\/wp-content\/uploads\/2024\/02\/shiatsu-soins-jambes-ffst.png 635w, https:\/\/ffst.fr\/wp-content\/uploads\/2024\/02\/shiatsu-soins-jambes-ffst-215x300.png 215w\" sizes=\"(max-width: 635px) 100vw, 635px\" \/>\t\t\t\t\t\t\t\t\t\t\t\t\t\t\t<\/div>\n\t\t\t\t<\/div>\n\t\t\t\t<div class=\"elementor-element elementor-element-e3ab1b5 elementor-absolute elementor-hidden-tablet elementor-widget elementor-widget-image\" data-id=\"e3ab1b5\" data-element_type=\"widget\" data-e-type=\"widget\" data-settings=\"{&quot;_position&quot;:&quot;absolute&quot;}\" data-widget_type=\"image.default\">\n\t\t\t\t<div class=\"elementor-widget-container\">\n\t\t\t\t\t\t\t\t\t\t\t\t\t\t\t<img decoding=\"async\" width=\"800\" height=\"800\" src=\"https:\/\/ffst.fr\/wp-content\/uploads\/2024\/01\/ffst-forme-galet.svg\" class=\"attachment-large size-large wp-image-767\" alt=\"Forme galet noir F\u00e9d\u00e9ration Fran\u00e7aise de Shiatsu Traditionnel\" \/>\t\t\t\t\t\t\t\t\t\t\t\t\t\t\t<\/div>\n\t\t\t\t<\/div>\n\t\t\t\t\t<\/div>\n\t\t\t\t<\/div>\n\t\t<div class=\"elementor-element elementor-element-a7916a4 e-flex e-con-boxed e-con e-child\" data-id=\"a7916a4\" data-element_type=\"container\" data-e-type=\"container\">\n\t\t\t\t\t<div class=\"e-con-inner\">\n\t\t\t\t<div class=\"elementor-element elementor-element-8b3a2b9 elementor-widget elementor-widget-heading\" data-id=\"8b3a2b9\" data-element_type=\"widget\" data-e-type=\"widget\" data-widget_type=\"heading.default\">\n\t\t\t\t<div class=\"elementor-widget-container\">\n\t\t\t\t\t<h2 class=\"elementor-heading-title elementor-size-default\">En France...<\/h2>\t\t\t\t<\/div>\n\t\t\t\t<\/div>\n\t\t\t\t<div class=\"elementor-element elementor-element-3fb6fa2 elementor-widget elementor-widget-text-editor\" data-id=\"3fb6fa2\" data-element_type=\"widget\" data-e-type=\"widget\" data-widget_type=\"text-editor.default\">\n\t\t\t\t<div class=\"elementor-widget-container\">\n\t\t\t\t\t\t\t\t\t<ul><li><strong>Promotion <\/strong>de la pratique du Shiatsu aupr\u00e8s des pouvoirs publics, du grand public et d\u2019acteurs divers (professionnels de sant\u00e9, entreprises, collectivit\u00e9s, mutuelles\u2026).<\/li><li><strong>Soutien des praticiens Shiatsu <\/strong>en les informant de la l\u00e9gislation en cours sur l\u2019exercice du m\u00e9tier, mis \u00e0 disposition l\u00e9gislatifs et comptables et partenariat avec une organisation de soutien aux entreprises individuelles (UPSME).<\/li><li><strong>Encadrement de la formation au Shiatsu<\/strong> avec un r\u00e9f\u00e9rentiel de comp\u00e9tences commun \u00e0 tous les organismes de formation adh\u00e9rents et la d\u00e9livrance d\u2019un certificat f\u00e9d\u00e9ral d\u2019aptitude \u00e0 la pratique du Shiatsu.<\/li><li><strong>Code de d\u00e9ontologie<\/strong>: la FFST exclut tout adh\u00e9rent ne respectant pas le code de d\u00e9ontologie notamment le respect de l\u2019int\u00e9grit\u00e9 de la personne et la confidentialit\u00e9. Ce code interdit express\u00e9ment toute forme de pros\u00e9lytisme, confessionnel, politique ou sectaire.<\/li><\/ul>\t\t\t\t\t\t\t\t<\/div>\n\t\t\t\t<\/div>\n\t\t\t\t<div class=\"elementor-element elementor-element-47a0fde elementor-align-left elementor-mobile-align-center elementor-widget elementor-widget-button\" data-id=\"47a0fde\" data-element_type=\"widget\" data-e-type=\"widget\" data-widget_type=\"button.default\">\n\t\t\t\t<div class=\"elementor-widget-container\">\n\t\t\t\t\t\t\t\t\t<div class=\"elementor-button-wrapper\">\n\t\t\t\t\t<a class=\"elementor-button elementor-button-link elementor-size-sm\" href=\"\/la-ffst\/\">\n\t\t\t\t\t\t<span class=\"elementor-button-content-wrapper\">\n\t\t\t\t\t\t\t\t\t<span class=\"elementor-button-text\">Nos missions<\/span>\n\t\t\t\t\t<\/span>\n\t\t\t\t\t<\/a>\n\t\t\t\t<\/div>\n\t\t\t\t\t\t\t\t<\/div>\n\t\t\t\t<\/div>\n\t\t\t\t\t<\/div>\n\t\t\t\t<\/div>\n\t\t\t\t<\/div>\n\t\t\t\t\t<\/div>\n\t\t\t\t<\/div>\n\t\t<div class=\"elementor-element elementor-element-1485e04 e-flex e-con-boxed e-con e-parent\" data-id=\"1485e04\" data-element_type=\"container\" data-e-type=\"container\" data-settings=\"{&quot;background_background&quot;:&quot;classic&quot;}\">\n\t\t\t\t\t<div class=\"e-con-inner\">\n\t\t<div class=\"elementor-element elementor-element-f6b18a9 e-con-full e-flex e-con e-child\" data-id=\"f6b18a9\" data-element_type=\"container\" data-e-type=\"container\">\n\t\t\t\t<div class=\"elementor-element elementor-element-f3626c2 elementor-widget elementor-widget-heading\" data-id=\"f3626c2\" data-element_type=\"widget\" data-e-type=\"widget\" data-widget_type=\"heading.default\">\n\t\t\t\t<div class=\"elementor-widget-container\">\n\t\t\t\t\t<h2 class=\"elementor-heading-title elementor-size-default\">... et \u00e0 l'international<\/h2>\t\t\t\t<\/div>\n\t\t\t\t<\/div>\n\t\t\t\t<div class=\"elementor-element elementor-element-526cb4a elementor-widget elementor-widget-text-editor\" data-id=\"526cb4a\" data-element_type=\"widget\" data-e-type=\"widget\" data-widget_type=\"text-editor.default\">\n\t\t\t\t<div class=\"elementor-widget-container\">\n\t\t\t\t\t\t\t\t\t<p>La FFST est <strong>membre de l\u2019International Shiatsu Network (ISN) <\/strong>aux c\u00f4t\u00e9s des f\u00e9d\u00e9rations Shiatsu allemande, italienne et suisse (pr\u00e8s de 5000 praticiens au total). L\u2019ISN a pour mission de promouvoir et de repr\u00e9senter le Shiatsu \u00e0 l\u2019\u00e9chelle europ\u00e9enne et dans le monde. Les f\u00e9d\u00e9rations membres partagent une charte, un code \u00e9thique et une d\u00e9finition du Shiatsu communs.<\/p><p>Pour m\u00e9moire, le Shiatsu a \u00e9t\u00e9 mentionn\u00e9 comme une <strong>\u00ab\u00a0m\u00e9decine non conventionnelle digne d\u2019int\u00e9r\u00eat\u00a0\u00bb<\/strong> dans le rapport Lannoye\/Collins ratifi\u00e9 par le Parlement Europ\u00e9en du 29 mai 1997.<\/p><p>Au Japon, le minist\u00e8re de la sant\u00e9 encadre la pratique du Shiatsu.<\/p>\t\t\t\t\t\t\t\t<\/div>\n\t\t\t\t<\/div>\n\t\t<div class=\"elementor-element elementor-element-aa92be1 e-flex e-con-boxed e-con e-child\" data-id=\"aa92be1\" data-element_type=\"container\" data-e-type=\"container\">\n\t\t\t\t\t<div class=\"e-con-inner\">\n\t\t\t\t<div class=\"elementor-element elementor-element-b44dfc9 elementor-align-right elementor-widget elementor-widget-button\" data-id=\"b44dfc9\" data-element_type=\"widget\" data-e-type=\"widget\" data-widget_type=\"button.default\">\n\t\t\t\t<div class=\"elementor-widget-container\">\n\t\t\t\t\t\t\t\t\t<div class=\"elementor-button-wrapper\">\n\t\t\t\t\t<a class=\"elementor-button elementor-button-link elementor-size-sm\" href=\"http:\/\/shiatsunetwork.org\/\" target=\"_blank\">\n\t\t\t\t\t\t<span class=\"elementor-button-content-wrapper\">\n\t\t\t\t\t\t\t\t\t<span class=\"elementor-button-text\">Site de l\u2019ISN <\/span>\n\t\t\t\t\t<\/span>\n\t\t\t\t\t<\/a>\n\t\t\t\t<\/div>\n\t\t\t\t\t\t\t\t<\/div>\n\t\t\t\t<\/div>\n\t\t\t\t\t<\/div>\n\t\t\t\t<\/div>\n\t\t\t\t<\/div>\n\t\t<div class=\"elementor-element elementor-element-7d7afae e-con-full e-flex e-con e-child\" data-id=\"7d7afae\" data-element_type=\"container\" data-e-type=\"container\">\n\t\t\t\t<div class=\"elementor-element elementor-element-dd4bfcf elementor-widget elementor-widget-image\" data-id=\"dd4bfcf\" data-element_type=\"widget\" data-e-type=\"widget\" data-widget_type=\"image.default\">\n\t\t\t\t<div class=\"elementor-widget-container\">\n\t\t\t\t\t\t\t\t\t\t\t\t\t\t\t<img loading=\"lazy\" decoding=\"async\" width=\"540\" height=\"597\" src=\"https:\/\/ffst.fr\/wp-content\/uploads\/2024\/02\/pratique-shiatsu-ffst.png\" class=\"attachment-large size-large wp-image-2053\" alt=\"Shiatsu humain pratique F\u00e9d\u00e9ration Fran\u00e7aise de Shiatsu Traditionnel\" srcset=\"https:\/\/ffst.fr\/wp-content\/uploads\/2024\/02\/pratique-shiatsu-ffst.png 540w, https:\/\/ffst.fr\/wp-content\/uploads\/2024\/02\/pratique-shiatsu-ffst-271x300.png 271w\" sizes=\"(max-width: 540px) 100vw, 540px\" \/>\t\t\t\t\t\t\t\t\t\t\t\t\t\t\t<\/div>\n\t\t\t\t<\/div>\n\t\t\t\t<\/div>\n\t\t\t\t\t<\/div>\n\t\t\t\t<\/div>\n\t\t\t\t<\/div>\n\t\t","protected":false},"excerpt":{"rendered":"<p>La FFST agit pour la reconnaissance de la profession En France&#8230; Promotion de la pratique du Shiatsu aupr\u00e8s des pouvoirs publics, du grand public et d\u2019acteurs divers (professionnels de sant\u00e9, entreprises, collectivit\u00e9s, mutuelles\u2026). Soutien des praticiens Shiatsu en les informant de la l\u00e9gislation en cours sur l\u2019exercice du m\u00e9tier, mis \u00e0 disposition l\u00e9gislatifs et comptables [&hellip;]<\/p>\n","protected":false},"author":4,"featured_media":0,"parent":0,"menu_order":0,"comment_status":"closed","ping_status":"closed","template":"","meta":{"_acf_changed":false,"inline_featured_image":false,"footnotes":""},"class_list":["post-22","page","type-page","status-publish","hentry"],"acf":[],"yoast_head":"<!-- This site is optimized with the Yoast SEO plugin v28.3 - https:\/\/yoast.com\/product\/yoast-seo-wordpress\/ -->\n<title>Nos actions - F\u00e9d\u00e9ration Fran\u00e7aise de Shiatsu Traditionnel<\/title>\n<meta name=\"robots\" content=\"index, follow, max-snippet:-1, max-image-preview:large, max-video-preview:-1\" \/>\n<link rel=\"canonical\" href=\"https:\/\/ffst.fr\/nos-actions\/\" \/>\n<meta property=\"og:locale\" content=\"fr_FR\" \/>\n<meta property=\"og:type\" content=\"article\" \/>\n<meta property=\"og:title\" content=\"Nos actions - F\u00e9d\u00e9ration Fran\u00e7aise de Shiatsu Traditionnel\" \/>\n<meta property=\"og:description\" content=\"La FFST agit pour la reconnaissance de la profession En France&#8230; Promotion de la pratique du Shiatsu aupr\u00e8s des pouvoirs publics, du grand public et d\u2019acteurs divers (professionnels de sant\u00e9, entreprises, collectivit\u00e9s, mutuelles\u2026). Soutien des praticiens Shiatsu en les informant de la l\u00e9gislation en cours sur l\u2019exercice du m\u00e9tier, mis \u00e0 disposition l\u00e9gislatifs et comptables [&hellip;]\" \/>\n<meta property=\"og:url\" content=\"https:\/\/ffst.fr\/nos-actions\/\" \/>\n<meta property=\"og:site_name\" content=\"F\u00e9d\u00e9ration Fran\u00e7aise de Shiatsu Traditionnel\" \/>\n<meta property=\"article:modified_time\" content=\"2024-03-10T09:55:04+00:00\" \/>\n<meta property=\"og:image\" content=\"http:\/\/ffst.fr\/wp-content\/uploads\/2024\/01\/element-graphique-ffst-demi-cercle-doree.svg\" \/>\n<meta name=\"twitter:card\" content=\"summary_large_image\" \/>\n<meta name=\"twitter:label1\" content=\"Dur\u00e9e de lecture estim\u00e9e\" \/>\n\t<meta name=\"twitter:data1\" content=\"2 minutes\" \/>\n<script type=\"application\/ld+json\" class=\"yoast-schema-graph\">{\"@context\":\"https:\\\/\\\/schema.org\",\"@graph\":[{\"@type\":\"WebPage\",\"@id\":\"https:\\\/\\\/ffst.fr\\\/nos-actions\\\/\",\"url\":\"https:\\\/\\\/ffst.fr\\\/nos-actions\\\/\",\"name\":\"Nos actions - F\u00e9d\u00e9ration Fran\u00e7aise de Shiatsu Traditionnel\",\"isPartOf\":{\"@id\":\"https:\\\/\\\/ffst.fr\\\/#website\"},\"primaryImageOfPage\":{\"@id\":\"https:\\\/\\\/ffst.fr\\\/nos-actions\\\/#primaryimage\"},\"image\":{\"@id\":\"https:\\\/\\\/ffst.fr\\\/nos-actions\\\/#primaryimage\"},\"thumbnailUrl\":\"http:\\\/\\\/ffst.fr\\\/wp-content\\\/uploads\\\/2024\\\/01\\\/element-graphique-ffst-demi-cercle-doree.svg\",\"datePublished\":\"2023-12-21T11:27:59+00:00\",\"dateModified\":\"2024-03-10T09:55:04+00:00\",\"breadcrumb\":{\"@id\":\"https:\\\/\\\/ffst.fr\\\/nos-actions\\\/#breadcrumb\"},\"inLanguage\":\"fr-FR\",\"potentialAction\":[{\"@type\":\"ReadAction\",\"target\":[\"https:\\\/\\\/ffst.fr\\\/nos-actions\\\/\"]}]},{\"@type\":\"ImageObject\",\"inLanguage\":\"fr-FR\",\"@id\":\"https:\\\/\\\/ffst.fr\\\/nos-actions\\\/#primaryimage\",\"url\":\"https:\\\/\\\/ffst.fr\\\/wp-content\\\/uploads\\\/2024\\\/01\\\/element-graphique-ffst-demi-cercle-doree.svg\",\"contentUrl\":\"https:\\\/\\\/ffst.fr\\\/wp-content\\\/uploads\\\/2024\\\/01\\\/element-graphique-ffst-demi-cercle-doree.svg\",\"width\":212,\"height\":432,\"caption\":\"Element graphique demi cercle dor\u00e9e F\u00e9d\u00e9ration Fran\u00e7aise de Shiatsu Traditionnel\"},{\"@type\":\"BreadcrumbList\",\"@id\":\"https:\\\/\\\/ffst.fr\\\/nos-actions\\\/#breadcrumb\",\"itemListElement\":[{\"@type\":\"ListItem\",\"position\":1,\"name\":\"Accueil\",\"item\":\"https:\\\/\\\/ffst.fr\\\/\"},{\"@type\":\"ListItem\",\"position\":2,\"name\":\"Nos actions\"}]},{\"@type\":\"WebSite\",\"@id\":\"https:\\\/\\\/ffst.fr\\\/#website\",\"url\":\"https:\\\/\\\/ffst.fr\\\/\",\"name\":\"F\u00e9d\u00e9ration Fran\u00e7aise de Shiatsu Traditionnel\",\"description\":\"\",\"potentialAction\":[{\"@type\":\"SearchAction\",\"target\":{\"@type\":\"EntryPoint\",\"urlTemplate\":\"https:\\\/\\\/ffst.fr\\\/?s={search_term_string}\"},\"query-input\":{\"@type\":\"PropertyValueSpecification\",\"valueRequired\":true,\"valueName\":\"search_term_string\"}}],\"inLanguage\":\"fr-FR\"}]}<\/script>\n<!-- \/ Yoast SEO plugin. -->","yoast_head_json":{"title":"Nos actions - F\u00e9d\u00e9ration Fran\u00e7aise de Shiatsu Traditionnel","robots":{"index":"index","follow":"follow","max-snippet":"max-snippet:-1","max-image-preview":"max-image-preview:large","max-video-preview":"max-video-preview:-1"},"canonical":"https:\/\/ffst.fr\/nos-actions\/","og_locale":"fr_FR","og_type":"article","og_title":"Nos actions - F\u00e9d\u00e9ration Fran\u00e7aise de Shiatsu Traditionnel","og_description":"La FFST agit pour la reconnaissance de la profession En France&#8230; Promotion de la pratique du Shiatsu aupr\u00e8s des pouvoirs publics, du grand public et d\u2019acteurs divers (professionnels de sant\u00e9, entreprises, collectivit\u00e9s, mutuelles\u2026). Soutien des praticiens Shiatsu en les informant de la l\u00e9gislation en cours sur l\u2019exercice du m\u00e9tier, mis \u00e0 disposition l\u00e9gislatifs et comptables [&hellip;]","og_url":"https:\/\/ffst.fr\/nos-actions\/","og_site_name":"F\u00e9d\u00e9ration Fran\u00e7aise de Shiatsu Traditionnel","article_modified_time":"2024-03-10T09:55:04+00:00","og_image":[{"url":"http:\/\/ffst.fr\/wp-content\/uploads\/2024\/01\/element-graphique-ffst-demi-cercle-doree.svg","type":"","width":"","height":""}],"twitter_card":"summary_large_image","twitter_misc":{"Dur\u00e9e de lecture estim\u00e9e":"2 minutes"},"schema":{"@context":"https:\/\/schema.org","@graph":[{"@type":"WebPage","@id":"https:\/\/ffst.fr\/nos-actions\/","url":"https:\/\/ffst.fr\/nos-actions\/","name":"Nos actions - F\u00e9d\u00e9ration Fran\u00e7aise de Shiatsu Traditionnel","isPartOf":{"@id":"https:\/\/ffst.fr\/#website"},"primaryImageOfPage":{"@id":"https:\/\/ffst.fr\/nos-actions\/#primaryimage"},"image":{"@id":"https:\/\/ffst.fr\/nos-actions\/#primaryimage"},"thumbnailUrl":"http:\/\/ffst.fr\/wp-content\/uploads\/2024\/01\/element-graphique-ffst-demi-cercle-doree.svg","datePublished":"2023-12-21T11:27:59+00:00","dateModified":"2024-03-10T09:55:04+00:00","breadcrumb":{"@id":"https:\/\/ffst.fr\/nos-actions\/#breadcrumb"},"inLanguage":"fr-FR","potentialAction":[{"@type":"ReadAction","target":["https:\/\/ffst.fr\/nos-actions\/"]}]},{"@type":"ImageObject","inLanguage":"fr-FR","@id":"https:\/\/ffst.fr\/nos-actions\/#primaryimage","url":"https:\/\/ffst.fr\/wp-content\/uploads\/2024\/01\/element-graphique-ffst-demi-cercle-doree.svg","contentUrl":"https:\/\/ffst.fr\/wp-content\/uploads\/2024\/01\/element-graphique-ffst-demi-cercle-doree.svg","width":212,"height":432,"caption":"Element graphique demi cercle dor\u00e9e F\u00e9d\u00e9ration Fran\u00e7aise de Shiatsu Traditionnel"},{"@type":"BreadcrumbList","@id":"https:\/\/ffst.fr\/nos-actions\/#breadcrumb","itemListElement":[{"@type":"ListItem","position":1,"name":"Accueil","item":"https:\/\/ffst.fr\/"},{"@type":"ListItem","position":2,"name":"Nos actions"}]},{"@type":"WebSite","@id":"https:\/\/ffst.fr\/#website","url":"https:\/\/ffst.fr\/","name":"F\u00e9d\u00e9ration Fran\u00e7aise de Shiatsu Traditionnel","description":"","potentialAction":[{"@type":"SearchAction","target":{"@type":"EntryPoint","urlTemplate":"https:\/\/ffst.fr\/?s={search_term_string}"},"query-input":{"@type":"PropertyValueSpecification","valueRequired":true,"valueName":"search_term_string"}}],"inLanguage":"fr-FR"}]}},"_links":{"self":[{"href":"https:\/\/ffst.fr\/index.php?rest_route=\/wp\/v2\/pages\/22","targetHints":{"allow":["GET"]}}],"collection":[{"href":"https:\/\/ffst.fr\/index.php?rest_route=\/wp\/v2\/pages"}],"about":[{"href":"https:\/\/ffst.fr\/index.php?rest_route=\/wp\/v2\/types\/page"}],"author":[{"embeddable":true,"href":"https:\/\/ffst.fr\/index.php?rest_route=\/wp\/v2\/users\/4"}],"replies":[{"embeddable":true,"href":"https:\/\/ffst.fr\/index.php?rest_route=%2Fwp%2Fv2%2Fcomments&post=22"}],"version-history":[{"count":0,"href":"https:\/\/ffst.fr\/index.php?rest_route=\/wp\/v2\/pages\/22\/revisions"}],"wp:attachment":[{"href":"https:\/\/ffst.fr\/index.php?rest_route=%2Fwp%2Fv2%2Fmedia&parent=22"}],"curies":[{"name":"wp","href":"https:\/\/api.w.org\/{rel}","templated":true}]}}