{"id":20,"date":"2023-12-21T12:27:47","date_gmt":"2023-12-21T11:27:47","guid":{"rendered":"https:\/\/new.ffst.fr\/?page_id=20"},"modified":"2026-03-02T12:30:55","modified_gmt":"2026-03-02T11:30:55","slug":"notre-equipe","status":"publish","type":"page","link":"https:\/\/ffst.fr\/?page_id=20","title":{"rendered":"Notre \u00e9quipe"},"content":{"rendered":"\t\t<div data-elementor-type=\"wp-page\" data-elementor-id=\"20\" class=\"elementor elementor-20\" data-elementor-post-type=\"page\">\n\t\t\t\t<div class=\"elementor-element elementor-element-fe9f1bf e-flex e-con-boxed e-con e-parent\" data-id=\"fe9f1bf\" data-element_type=\"container\" data-e-type=\"container\" data-settings=\"{&quot;background_background&quot;:&quot;classic&quot;}\">\n\t\t\t\t\t<div class=\"e-con-inner\">\n\t\t\t\t<div class=\"elementor-element elementor-element-6747142 elementor-widget__width-initial elementor-widget elementor-widget-heading\" data-id=\"6747142\" data-element_type=\"widget\" data-e-type=\"widget\" data-widget_type=\"heading.default\">\n\t\t\t\t<div class=\"elementor-widget-container\">\n\t\t\t\t\t<h1 class=\"elementor-heading-title elementor-size-default\">Une f\u00e9d\u00e9ration dynamique au service de ses adh\u00e9rent(e)s<\/h1>\t\t\t\t<\/div>\n\t\t\t\t<\/div>\n\t\t<div class=\"elementor-element elementor-element-80bc2e3 e-flex e-con-boxed e-con e-child\" data-id=\"80bc2e3\" data-element_type=\"container\" data-e-type=\"container\">\n\t\t\t\t\t<div class=\"e-con-inner\">\n\t\t\t\t<div class=\"elementor-element elementor-element-4a66915 elementor-widget elementor-widget-text-editor\" data-id=\"4a66915\" data-element_type=\"widget\" data-e-type=\"widget\" data-widget_type=\"text-editor.default\">\n\t\t\t\t<div class=\"elementor-widget-container\">\n\t\t\t\t\t\t\t\t\t<p>Les membres b\u00e9n\u00e9voles du conseil d\u2019administration et du bureau ex\u00e9cutif de la FFST \u0153uvrent chaque jour au <strong>bon fonctionnement de la f\u00e9d\u00e9ration<\/strong> et \u00e0 la <strong>pleine r\u00e9alisation de ses missions<\/strong>.<\/p>\t\t\t\t\t\t\t\t<\/div>\n\t\t\t\t<\/div>\n\t\t\t\t\t<\/div>\n\t\t\t\t<\/div>\n\t\t<div class=\"elementor-element elementor-element-d363383 e-flex e-con-boxed e-con e-child\" data-id=\"d363383\" data-element_type=\"container\" data-e-type=\"container\">\n\t\t\t\t\t<div class=\"e-con-inner\">\n\t\t\t\t<div class=\"elementor-element elementor-element-67e80ff elementor-align-center elementor-widget elementor-widget-button\" data-id=\"67e80ff\" data-element_type=\"widget\" data-e-type=\"widget\" data-widget_type=\"button.default\">\n\t\t\t\t<div class=\"elementor-widget-container\">\n\t\t\t\t\t\t\t\t\t<div class=\"elementor-button-wrapper\">\n\t\t\t\t\t<a class=\"elementor-button elementor-button-link elementor-size-sm\" href=\"\/la-ffst\/\">\n\t\t\t\t\t\t<span class=\"elementor-button-content-wrapper\">\n\t\t\t\t\t\t\t\t\t<span class=\"elementor-button-text\">Nos missions<\/span>\n\t\t\t\t\t<\/span>\n\t\t\t\t\t<\/a>\n\t\t\t\t<\/div>\n\t\t\t\t\t\t\t\t<\/div>\n\t\t\t\t<\/div>\n\t\t\t\t\t<\/div>\n\t\t\t\t<\/div>\n\t\t\t\t<div class=\"elementor-element elementor-element-ddd900d elementor-view-default elementor-widget elementor-widget-icon\" data-id=\"ddd900d\" data-element_type=\"widget\" data-e-type=\"widget\" data-widget_type=\"icon.default\">\n\t\t\t\t<div class=\"elementor-widget-container\">\n\t\t\t\t\t\t\t<div class=\"elementor-icon-wrapper\">\n\t\t\t<div class=\"elementor-icon\">\n\t\t\t<svg xmlns=\"http:\/\/www.w3.org\/2000\/svg\" id=\"Calque_2\" viewBox=\"0 0 20.84 39.31\"><g id=\"Calque_1-2\"><line x1=\"10.42\" y1=\"1\" x2=\"10.42\" y2=\"37.88\" style=\"fill:none; stroke:#1d1d1b; stroke-linecap:round; stroke-miterlimit:10; stroke-width:2px;\"><\/line><polyline points=\"19.84 27.76 10.42 37.84 1 27.76\" style=\"fill:none; stroke:#1d1d1b; stroke-linecap:round; stroke-miterlimit:10; stroke-width:2px;\"><\/polyline><\/g><\/svg>\t\t\t<\/div>\n\t\t<\/div>\n\t\t\t\t\t\t<\/div>\n\t\t\t\t<\/div>\n\t\t\t\t<div class=\"elementor-element elementor-element-12be355 elementor-absolute elementor-hidden-mobile elementor-widget elementor-widget-image\" data-id=\"12be355\" data-element_type=\"widget\" data-e-type=\"widget\" data-settings=\"{&quot;_position&quot;:&quot;absolute&quot;}\" data-widget_type=\"image.default\">\n\t\t\t\t<div class=\"elementor-widget-container\">\n\t\t\t\t\t\t\t\t\t\t\t\t\t\t\t<img fetchpriority=\"high\" decoding=\"async\" width=\"540\" height=\"597\" src=\"https:\/\/ffst.fr\/wp-content\/uploads\/2024\/02\/photo-mains-unies-shiatsu-pratique-traditionnnelle.png\" class=\"attachment-large size-large wp-image-2182\" alt=\"Photo mains unies Shiatsu pratique traditionnelle\" srcset=\"https:\/\/ffst.fr\/wp-content\/uploads\/2024\/02\/photo-mains-unies-shiatsu-pratique-traditionnnelle.png 540w, https:\/\/ffst.fr\/wp-content\/uploads\/2024\/02\/photo-mains-unies-shiatsu-pratique-traditionnnelle-271x300.png 271w\" sizes=\"(max-width: 540px) 100vw, 540px\" \/>\t\t\t\t\t\t\t\t\t\t\t\t\t\t\t<\/div>\n\t\t\t\t<\/div>\n\t\t\t\t<div class=\"elementor-element elementor-element-1f47d3a elementor-widget elementor-widget-spacer\" data-id=\"1f47d3a\" data-element_type=\"widget\" data-e-type=\"widget\" data-widget_type=\"spacer.default\">\n\t\t\t\t<div class=\"elementor-widget-container\">\n\t\t\t\t\t\t\t<div class=\"elementor-spacer\">\n\t\t\t<div class=\"elementor-spacer-inner\"><\/div>\n\t\t<\/div>\n\t\t\t\t\t\t<\/div>\n\t\t\t\t<\/div>\n\t\t\t\t<div class=\"elementor-element elementor-element-9669112 elementor-absolute elementor-hidden-mobile elementor-widget elementor-widget-image\" data-id=\"9669112\" data-element_type=\"widget\" data-e-type=\"widget\" data-settings=\"{&quot;_position&quot;:&quot;absolute&quot;}\" data-widget_type=\"image.default\">\n\t\t\t\t<div class=\"elementor-widget-container\">\n\t\t\t\t\t\t\t\t\t\t\t\t\t\t\t<img decoding=\"async\" width=\"489\" height=\"885\" src=\"https:\/\/ffst.fr\/wp-content\/uploads\/2024\/02\/shiatsu-pratique-traditionnelle-japonaise.png\" class=\"attachment-large size-large wp-image-2059\" alt=\"Shiatsu pratique Japonaise F\u00e9d\u00e9ration Fran\u00e7aise de Shiatsu Traditionnel\" srcset=\"https:\/\/ffst.fr\/wp-content\/uploads\/2024\/02\/shiatsu-pratique-traditionnelle-japonaise.png 489w, https:\/\/ffst.fr\/wp-content\/uploads\/2024\/02\/shiatsu-pratique-traditionnelle-japonaise-166x300.png 166w\" sizes=\"(max-width: 489px) 100vw, 489px\" \/>\t\t\t\t\t\t\t\t\t\t\t\t\t\t\t<\/div>\n\t\t\t\t<\/div>\n\t\t\t\t<div class=\"elementor-element elementor-element-5afad9a elementor-widget elementor-widget-heading\" data-id=\"5afad9a\" data-element_type=\"widget\" data-e-type=\"widget\" data-widget_type=\"heading.default\">\n\t\t\t\t<div class=\"elementor-widget-container\">\n\t\t\t\t\t<h2 class=\"elementor-heading-title elementor-size-default\">Le conseil d\u2019administration<\/h2>\t\t\t\t<\/div>\n\t\t\t\t<\/div>\n\t\t<div class=\"elementor-element elementor-element-e71b0e5 e-flex e-con-boxed e-con e-child\" data-id=\"e71b0e5\" data-element_type=\"container\" data-e-type=\"container\">\n\t\t\t\t\t<div class=\"e-con-inner\">\n\t\t\t\t<div class=\"elementor-element elementor-element-bcd7b40 elementor-widget elementor-widget-text-editor\" data-id=\"bcd7b40\" data-element_type=\"widget\" data-e-type=\"widget\" data-widget_type=\"text-editor.default\">\n\t\t\t\t<div class=\"elementor-widget-container\">\n\t\t\t\t\t\t\t\t\t<p>\u00c9lus pour 3 ans, les membres du conseil d\u2019administration de la FFST se r\u00e9unissent mensuellement afin de\u00a0:<\/p><ul><li>Veiller \u00e0 la mise en \u0153uvre des orientations de la f\u00e9d\u00e9ration d\u00e9cid\u00e9es en assembl\u00e9e g\u00e9n\u00e9rale<\/li><li>Veiller \u00e0 la gestion administration et financi\u00e8re de la f\u00e9d\u00e9ration<\/li><li>Organiser les diff\u00e9rentes actions de la f\u00e9d\u00e9ration (partenariats, visioconf\u00e9rences, communication grand public et adh\u00e9rent(e)s\u2026)<\/li><li>Encadrement et suivi des organismes de formation<\/li><\/ul><p>\u00a0<\/p><p>Tous les adh\u00e9rent(e)s sont invit\u00e9(e)s \u00e0 contribuer \u00e0 l\u2019organisation des diff\u00e9rentes actions de la FFST en lien avec les membres du conseil d\u2019administration.<\/p>\t\t\t\t\t\t\t\t<\/div>\n\t\t\t\t<\/div>\n\t\t\t\t\t<\/div>\n\t\t\t\t<\/div>\n\t\t\t\t<div class=\"elementor-element elementor-element-9147230 elementor-absolute elementor-widget elementor-widget-image\" data-id=\"9147230\" data-element_type=\"widget\" data-e-type=\"widget\" data-settings=\"{&quot;_position&quot;:&quot;absolute&quot;}\" data-widget_type=\"image.default\">\n\t\t\t\t<div class=\"elementor-widget-container\">\n\t\t\t\t\t\t\t\t\t\t\t\t\t\t\t<img decoding=\"async\" width=\"800\" height=\"800\" src=\"https:\/\/ffst.fr\/wp-content\/uploads\/2024\/01\/element-graphique-ffst-demi-cercle-rouge.svg\" class=\"attachment-large size-large wp-image-763\" alt=\"Element graphique demi cercle rouge F\u00e9d\u00e9ration Fran\u00e7aise de Shiatsu Traditionnel\" \/>\t\t\t\t\t\t\t\t\t\t\t\t\t\t\t<\/div>\n\t\t\t\t<\/div>\n\t\t\t\t<div class=\"elementor-element elementor-element-f5c8ca0 elementor-absolute elementor-widget elementor-widget-image\" data-id=\"f5c8ca0\" data-element_type=\"widget\" data-e-type=\"widget\" data-settings=\"{&quot;_position&quot;:&quot;absolute&quot;}\" data-widget_type=\"image.default\">\n\t\t\t\t<div class=\"elementor-widget-container\">\n\t\t\t\t\t\t\t\t\t\t\t\t\t\t\t<img loading=\"lazy\" decoding=\"async\" width=\"800\" height=\"800\" src=\"https:\/\/ffst.fr\/wp-content\/uploads\/2024\/01\/element-graphique-ffst-demi-cercle-doree.svg\" class=\"attachment-large size-large wp-image-762\" alt=\"Element graphique demi cercle dor\u00e9e F\u00e9d\u00e9ration Fran\u00e7aise de Shiatsu Traditionnel\" \/>\t\t\t\t\t\t\t\t\t\t\t\t\t\t\t<\/div>\n\t\t\t\t<\/div>\n\t\t\t\t\t<\/div>\n\t\t\t\t<\/div>\n\t\t<div class=\"elementor-element elementor-element-47e6d63 e-flex e-con-boxed e-con e-parent\" data-id=\"47e6d63\" data-element_type=\"container\" data-e-type=\"container\">\n\t\t\t\t\t<div class=\"e-con-inner\">\n\t\t<div class=\"elementor-element elementor-element-bef50ae e-flex e-con-boxed e-con e-child\" data-id=\"bef50ae\" data-element_type=\"container\" data-e-type=\"container\">\n\t\t\t\t\t<div class=\"e-con-inner\">\n\t\t<div class=\"elementor-element elementor-element-1900cd6 e-con-full e-flex e-con e-child\" data-id=\"1900cd6\" data-element_type=\"container\" data-e-type=\"container\">\n\t\t\t\t<div class=\"elementor-element elementor-element-f14790f elementor-widget elementor-widget-image\" data-id=\"f14790f\" data-element_type=\"widget\" data-e-type=\"widget\" data-widget_type=\"image.default\">\n\t\t\t\t<div class=\"elementor-widget-container\">\n\t\t\t\t\t\t\t\t\t\t\t\t\t\t\t<img loading=\"lazy\" decoding=\"async\" width=\"540\" height=\"597\" src=\"https:\/\/ffst.fr\/wp-content\/uploads\/2024\/02\/fanny-roque-equipe-ffst.png\" class=\"attachment-large size-large wp-image-2066\" alt=\"Fanny Roque, fondatrice F\u00e9d\u00e9ration Fran\u00e7aise de Shiatsu Traditionnel\" srcset=\"https:\/\/ffst.fr\/wp-content\/uploads\/2024\/02\/fanny-roque-equipe-ffst.png 540w, https:\/\/ffst.fr\/wp-content\/uploads\/2024\/02\/fanny-roque-equipe-ffst-271x300.png 271w\" sizes=\"(max-width: 540px) 100vw, 540px\" \/>\t\t\t\t\t\t\t\t\t\t\t\t\t\t\t<\/div>\n\t\t\t\t<\/div>\n\t\t\t\t<div class=\"elementor-element elementor-element-625201e elementor-widget elementor-widget-text-editor\" data-id=\"625201e\" data-element_type=\"widget\" data-e-type=\"widget\" data-widget_type=\"text-editor.default\">\n\t\t\t\t<div class=\"elementor-widget-container\">\n\t\t\t\t\t\t\t\t\t<p>Pr\u00e9sidente<\/p><p><strong>Fanny ROQUE<\/strong><\/p>\t\t\t\t\t\t\t\t<\/div>\n\t\t\t\t<\/div>\n\t\t\t\t<div class=\"elementor-element elementor-element-a4a0ca3 elementor-widget elementor-widget-text-editor\" data-id=\"a4a0ca3\" data-element_type=\"widget\" data-e-type=\"widget\" data-widget_type=\"text-editor.default\">\n\t\t\t\t<div class=\"elementor-widget-container\">\n\t\t\t\t\t\t\t\t\t<p>Professionnelle partenaire de l\u2019Institut du Sein d\u2019Aquitaine et de la Ligue contre le cancer, Fanny exerce \u00e0 Bordeaux comme praticienne Shiatsu sp\u00e9cialis\u00e9e en endom\u00e9triose et canc\u00e9rologie. Elle forme les professionnel(le)s au S<em>hiatsu cancer<\/em> et <em>Shiatsu des cycles menstruels.<\/em><\/p>\t\t\t\t\t\t\t\t<\/div>\n\t\t\t\t<\/div>\n\t\t\t\t<\/div>\n\t\t<div class=\"elementor-element elementor-element-8fdaf0b e-con-full e-flex e-con e-child\" data-id=\"8fdaf0b\" data-element_type=\"container\" data-e-type=\"container\">\n\t\t\t\t<div class=\"elementor-element elementor-element-1920db2 elementor-widget elementor-widget-image\" data-id=\"1920db2\" data-element_type=\"widget\" data-e-type=\"widget\" data-widget_type=\"image.default\">\n\t\t\t\t<div class=\"elementor-widget-container\">\n\t\t\t\t\t\t\t\t\t\t\t\t\t\t\t<img loading=\"lazy\" decoding=\"async\" width=\"540\" height=\"597\" src=\"https:\/\/ffst.fr\/wp-content\/uploads\/2024\/02\/christian-pequilet-equipe-ffst.png\" class=\"attachment-large size-large wp-image-2062\" alt=\"Christian Pequilet, \u00e9quipe F\u00e9d\u00e9ration Fran\u00e7aise de Shiatsu Traditionnel\" srcset=\"https:\/\/ffst.fr\/wp-content\/uploads\/2024\/02\/christian-pequilet-equipe-ffst.png 540w, https:\/\/ffst.fr\/wp-content\/uploads\/2024\/02\/christian-pequilet-equipe-ffst-271x300.png 271w\" sizes=\"(max-width: 540px) 100vw, 540px\" \/>\t\t\t\t\t\t\t\t\t\t\t\t\t\t\t<\/div>\n\t\t\t\t<\/div>\n\t\t\t\t<div class=\"elementor-element elementor-element-340c3b3 elementor-widget elementor-widget-text-editor\" data-id=\"340c3b3\" data-element_type=\"widget\" data-e-type=\"widget\" data-widget_type=\"text-editor.default\">\n\t\t\t\t<div class=\"elementor-widget-container\">\n\t\t\t\t\t\t\t\t\t<p>Vice-Pr\u00e9sident \/ R\u00e9f\u00e9rent P\u00f4le Shiatsu animalier<\/p><p><strong>Christian PEQUILLET<\/strong><\/p>\t\t\t\t\t\t\t\t<\/div>\n\t\t\t\t<\/div>\n\t\t\t\t<div class=\"elementor-element elementor-element-b78b3f3 elementor-widget elementor-widget-text-editor\" data-id=\"b78b3f3\" data-element_type=\"widget\" data-e-type=\"widget\" data-widget_type=\"text-editor.default\">\n\t\t\t\t<div class=\"elementor-widget-container\">\n\t\t\t\t\t\t\t\t\t<p>Christian exerce en Normandie depuis plus de 20 ans comme praticien et formateur Shiatsu \u00e9quin, canin, humain.<\/p>\t\t\t\t\t\t\t\t<\/div>\n\t\t\t\t<\/div>\n\t\t\t\t<\/div>\n\t\t<div class=\"elementor-element elementor-element-cf5f662 e-con-full e-flex e-con e-child\" data-id=\"cf5f662\" data-element_type=\"container\" data-e-type=\"container\">\n\t\t\t\t<div class=\"elementor-element elementor-element-7956801 elementor-widget elementor-widget-image\" data-id=\"7956801\" data-element_type=\"widget\" data-e-type=\"widget\" data-widget_type=\"image.default\">\n\t\t\t\t<div class=\"elementor-widget-container\">\n\t\t\t\t\t\t\t\t\t\t\t\t\t\t\t<img loading=\"lazy\" decoding=\"async\" width=\"704\" height=\"755\" src=\"https:\/\/ffst.fr\/wp-content\/uploads\/2025\/04\/Benedicte-Seguin.jpg\" class=\"attachment-large size-large wp-image-11180\" alt=\"\" srcset=\"https:\/\/ffst.fr\/wp-content\/uploads\/2025\/04\/Benedicte-Seguin.jpg 704w, https:\/\/ffst.fr\/wp-content\/uploads\/2025\/04\/Benedicte-Seguin-280x300.jpg 280w, https:\/\/ffst.fr\/wp-content\/uploads\/2025\/04\/Benedicte-Seguin-600x643.jpg 600w\" sizes=\"(max-width: 704px) 100vw, 704px\" \/>\t\t\t\t\t\t\t\t\t\t\t\t\t\t\t<\/div>\n\t\t\t\t<\/div>\n\t\t\t\t<div class=\"elementor-element elementor-element-7d816a5 elementor-widget elementor-widget-text-editor\" data-id=\"7d816a5\" data-element_type=\"widget\" data-e-type=\"widget\" data-widget_type=\"text-editor.default\">\n\t\t\t\t<div class=\"elementor-widget-container\">\n\t\t\t\t\t\t\t\t\t<p>Secr\u00e9taire G\u00e9n\u00e9ral<\/p><p><strong>B\u00e9n\u00e9dicte SEGUIN<\/strong><\/p>\t\t\t\t\t\t\t\t<\/div>\n\t\t\t\t<\/div>\n\t\t\t\t<div class=\"elementor-element elementor-element-12d9b1f elementor-widget elementor-widget-text-editor\" data-id=\"12d9b1f\" data-element_type=\"widget\" data-e-type=\"widget\" data-widget_type=\"text-editor.default\">\n\t\t\t\t<div class=\"elementor-widget-container\">\n\t\t\t\t\t\t\t\t\t<p>Install\u00e9e \u00e0 Crest dans la Dr\u00f4me, B\u00e9n\u00e9dicte pratique le shiatsu depuis plus de quinze ans. Engag\u00e9e au niveau local, national et international pour faire conna\u00eetre et vivre le shiatsu, elle est cor\u00e9alisatrice du film &#8220;La Voie du Shiatsu&#8221; et du livre &#8220;Rencontres autour\u00a0du\u00a0Shiatsu<\/p>\t\t\t\t\t\t\t\t<\/div>\n\t\t\t\t<\/div>\n\t\t\t\t<\/div>\n\t\t<div class=\"elementor-element elementor-element-2847c47 e-con-full e-flex e-con e-child\" data-id=\"2847c47\" data-element_type=\"container\" data-e-type=\"container\">\n\t\t\t\t<div class=\"elementor-element elementor-element-c4d642c elementor-widget elementor-widget-image\" data-id=\"c4d642c\" data-element_type=\"widget\" data-e-type=\"widget\" data-widget_type=\"image.default\">\n\t\t\t\t<div class=\"elementor-widget-container\">\n\t\t\t\t\t\t\t\t\t\t\t\t\t\t\t<img loading=\"lazy\" decoding=\"async\" width=\"540\" height=\"597\" src=\"https:\/\/ffst.fr\/wp-content\/uploads\/2024\/02\/emmanuelle-chretien-equipe-ffst.png\" class=\"attachment-large size-large wp-image-2065\" alt=\"Emmanuelle Chr\u00e9tien, \u00e9quipe F\u00e9d\u00e9ration Fran\u00e7aise de Shiatsu Traditionnel\" srcset=\"https:\/\/ffst.fr\/wp-content\/uploads\/2024\/02\/emmanuelle-chretien-equipe-ffst.png 540w, https:\/\/ffst.fr\/wp-content\/uploads\/2024\/02\/emmanuelle-chretien-equipe-ffst-271x300.png 271w\" sizes=\"(max-width: 540px) 100vw, 540px\" \/>\t\t\t\t\t\t\t\t\t\t\t\t\t\t\t<\/div>\n\t\t\t\t<\/div>\n\t\t\t\t<div class=\"elementor-element elementor-element-52cac17 elementor-widget elementor-widget-text-editor\" data-id=\"52cac17\" data-element_type=\"widget\" data-e-type=\"widget\" data-widget_type=\"text-editor.default\">\n\t\t\t\t<div class=\"elementor-widget-container\">\n\t\t\t\t\t\t\t\t\t<p>Tr\u00e9sori\u00e8re<\/p><p><strong>Emmanuelle CHR\u00c9TIEN<\/strong><\/p>\t\t\t\t\t\t\t\t<\/div>\n\t\t\t\t<\/div>\n\t\t\t\t<div class=\"elementor-element elementor-element-ba87fc5 elementor-widget elementor-widget-text-editor\" data-id=\"ba87fc5\" data-element_type=\"widget\" data-e-type=\"widget\" data-widget_type=\"text-editor.default\">\n\t\t\t\t<div class=\"elementor-widget-container\">\n\t\t\t\t\t\t\t\t\t<p>Install\u00e9e \u00e0 Bordeaux, Emmanuelle est praticienne Shiatsu et moxibustion japonaise. Elle pratique \u00e9galement le massage abdominal Chi Nei Tsang.<\/p>\t\t\t\t\t\t\t\t<\/div>\n\t\t\t\t<\/div>\n\t\t\t\t<\/div>\n\t\t<div class=\"elementor-element elementor-element-50ccc02 e-con-full e-flex e-con e-child\" data-id=\"50ccc02\" data-element_type=\"container\" data-e-type=\"container\">\n\t\t\t\t<div class=\"elementor-element elementor-element-1e57c7b elementor-widget elementor-widget-image\" data-id=\"1e57c7b\" data-element_type=\"widget\" data-e-type=\"widget\" data-widget_type=\"image.default\">\n\t\t\t\t<div class=\"elementor-widget-container\">\n\t\t\t\t\t\t\t\t\t\t\t\t\t\t\t<img loading=\"lazy\" decoding=\"async\" width=\"540\" height=\"597\" src=\"https:\/\/ffst.fr\/wp-content\/uploads\/2024\/02\/mathieu-vernet-equipe-ffst.png\" class=\"attachment-large size-large wp-image-2067\" alt=\"Mathieu Vernet, \u00e9quipe F\u00e9d\u00e9ration Fran\u00e7aise de Shiatsu Traditionnel\" srcset=\"https:\/\/ffst.fr\/wp-content\/uploads\/2024\/02\/mathieu-vernet-equipe-ffst.png 540w, https:\/\/ffst.fr\/wp-content\/uploads\/2024\/02\/mathieu-vernet-equipe-ffst-271x300.png 271w\" sizes=\"(max-width: 540px) 100vw, 540px\" \/>\t\t\t\t\t\t\t\t\t\t\t\t\t\t\t<\/div>\n\t\t\t\t<\/div>\n\t\t\t\t<div class=\"elementor-element elementor-element-539866d elementor-widget elementor-widget-text-editor\" data-id=\"539866d\" data-element_type=\"widget\" data-e-type=\"widget\" data-widget_type=\"text-editor.default\">\n\t\t\t\t<div class=\"elementor-widget-container\">\n\t\t\t\t\t\t\t\t\t<p>R\u00e9f\u00e9rent P\u00f4le Communication Internet et Mutuelle<\/p><p><strong>Mathieu VERNET<\/strong><\/p>\t\t\t\t\t\t\t\t<\/div>\n\t\t\t\t<\/div>\n\t\t\t\t<div class=\"elementor-element elementor-element-309ab87 elementor-widget elementor-widget-text-editor\" data-id=\"309ab87\" data-element_type=\"widget\" data-e-type=\"widget\" data-widget_type=\"text-editor.default\">\n\t\t\t\t<div class=\"elementor-widget-container\">\n\t\t\t\t\t\t\t\t\t<p>Kin\u00e9sith\u00e9rapeute DE, Mathieu pratique le Shiatsu sur la C\u00f4te bleue avec une sp\u00e9cialisation dans l\u2019accompagnement des troubles \u00e9motionnels. Il enseigne le Shiatsu et le Gua Sha au sein de l\u2019ESBR<\/p>\t\t\t\t\t\t\t\t<\/div>\n\t\t\t\t<\/div>\n\t\t\t\t<\/div>\n\t\t<div class=\"elementor-element elementor-element-53e309b e-con-full e-flex e-con e-child\" data-id=\"53e309b\" data-element_type=\"container\" data-e-type=\"container\">\n\t\t\t\t<div class=\"elementor-element elementor-element-f37a55d elementor-widget elementor-widget-image\" data-id=\"f37a55d\" data-element_type=\"widget\" data-e-type=\"widget\" data-widget_type=\"image.default\">\n\t\t\t\t<div class=\"elementor-widget-container\">\n\t\t\t\t\t\t\t\t\t\t\t\t\t\t\t<img loading=\"lazy\" decoding=\"async\" width=\"800\" height=\"778\" src=\"https:\/\/ffst.fr\/wp-content\/uploads\/2026\/01\/tete-shiatsu-1024x996.jpg\" class=\"attachment-large size-large wp-image-13761\" alt=\"\" srcset=\"https:\/\/ffst.fr\/wp-content\/uploads\/2026\/01\/tete-shiatsu-1024x996.jpg 1024w, https:\/\/ffst.fr\/wp-content\/uploads\/2026\/01\/tete-shiatsu-300x292.jpg 300w, https:\/\/ffst.fr\/wp-content\/uploads\/2026\/01\/tete-shiatsu-768x747.jpg 768w, https:\/\/ffst.fr\/wp-content\/uploads\/2026\/01\/tete-shiatsu-1536x1494.jpg 1536w, https:\/\/ffst.fr\/wp-content\/uploads\/2026\/01\/tete-shiatsu-600x584.jpg 600w, https:\/\/ffst.fr\/wp-content\/uploads\/2026\/01\/tete-shiatsu.jpg 1624w\" sizes=\"(max-width: 800px) 100vw, 800px\" \/>\t\t\t\t\t\t\t\t\t\t\t\t\t\t\t<\/div>\n\t\t\t\t<\/div>\n\t\t\t\t<div class=\"elementor-element elementor-element-13d85ac elementor-widget elementor-widget-spacer\" data-id=\"13d85ac\" data-element_type=\"widget\" data-e-type=\"widget\" data-widget_type=\"spacer.default\">\n\t\t\t\t<div class=\"elementor-widget-container\">\n\t\t\t\t\t\t\t<div class=\"elementor-spacer\">\n\t\t\t<div class=\"elementor-spacer-inner\"><\/div>\n\t\t<\/div>\n\t\t\t\t\t\t<\/div>\n\t\t\t\t<\/div>\n\t\t\t\t<div class=\"elementor-element elementor-element-83e7885 elementor-widget elementor-widget-text-editor\" data-id=\"83e7885\" data-element_type=\"widget\" data-e-type=\"widget\" data-widget_type=\"text-editor.default\">\n\t\t\t\t<div class=\"elementor-widget-container\">\n\t\t\t\t\t\t\t\t\t<p>P\u00f4le Ethique<\/p><p><strong>Aur\u00e9lie BELLAHSEN<\/strong><\/p>\t\t\t\t\t\t\t\t<\/div>\n\t\t\t\t<\/div>\n\t\t\t\t<div class=\"elementor-element elementor-element-ab941ee elementor-widget elementor-widget-text-editor\" data-id=\"ab941ee\" data-element_type=\"widget\" data-e-type=\"widget\" data-widget_type=\"text-editor.default\">\n\t\t\t\t<div class=\"elementor-widget-container\">\n\t\t\t\t\t\t\t\t\t<p>Aur\u00e9lie est praticienne en shiatsu humain, install\u00e9e en Bourgogne (Ni\u00e8vre), en activit\u00e9 \u00e0 plein temps apr\u00e8s une reconversion professionnelle de chef de projet dans une grande entreprise. Form\u00e9e au Zen Shiatsu et \u00e0 la Myo-\u00e9nerg\u00e9tique.<\/p>\t\t\t\t\t\t\t\t<\/div>\n\t\t\t\t<\/div>\n\t\t\t\t<\/div>\n\t\t<div class=\"elementor-element elementor-element-a8d9d68 e-con-full e-flex e-con e-child\" data-id=\"a8d9d68\" data-element_type=\"container\" data-e-type=\"container\">\n\t\t\t\t<div class=\"elementor-element elementor-element-93ff34f elementor-widget elementor-widget-image\" data-id=\"93ff34f\" data-element_type=\"widget\" data-e-type=\"widget\" data-widget_type=\"image.default\">\n\t\t\t\t<div class=\"elementor-widget-container\">\n\t\t\t\t\t\t\t\t\t\t\t\t\t\t\t<img loading=\"lazy\" decoding=\"async\" width=\"190\" height=\"190\" src=\"https:\/\/ffst.fr\/wp-content\/uploads\/2026\/02\/COURTOIS-Emmanuelle-profile_photo-190x190-1.jpg\" class=\"attachment-large size-large wp-image-13824\" alt=\"\" srcset=\"https:\/\/ffst.fr\/wp-content\/uploads\/2026\/02\/COURTOIS-Emmanuelle-profile_photo-190x190-1.jpg 190w, https:\/\/ffst.fr\/wp-content\/uploads\/2026\/02\/COURTOIS-Emmanuelle-profile_photo-190x190-1-150x150.jpg 150w, https:\/\/ffst.fr\/wp-content\/uploads\/2026\/02\/COURTOIS-Emmanuelle-profile_photo-190x190-1-100x100.jpg 100w\" sizes=\"(max-width: 190px) 100vw, 190px\" \/>\t\t\t\t\t\t\t\t\t\t\t\t\t\t\t<\/div>\n\t\t\t\t<\/div>\n\t\t\t\t<div class=\"elementor-element elementor-element-5d76f19 elementor-widget elementor-widget-spacer\" data-id=\"5d76f19\" data-element_type=\"widget\" data-e-type=\"widget\" data-widget_type=\"spacer.default\">\n\t\t\t\t<div class=\"elementor-widget-container\">\n\t\t\t\t\t\t\t<div class=\"elementor-spacer\">\n\t\t\t<div class=\"elementor-spacer-inner\"><\/div>\n\t\t<\/div>\n\t\t\t\t\t\t<\/div>\n\t\t\t\t<\/div>\n\t\t\t\t<div class=\"elementor-element elementor-element-b7dce2e elementor-widget elementor-widget-text-editor\" data-id=\"b7dce2e\" data-element_type=\"widget\" data-e-type=\"widget\" data-widget_type=\"text-editor.default\">\n\t\t\t\t<div class=\"elementor-widget-container\">\n\t\t\t\t\t\t\t\t\t<p>P\u00f4le communication, Internet et Mutuelles<\/p><p><strong>Emmanuelle COURTOIS<\/strong><\/p>\t\t\t\t\t\t\t\t<\/div>\n\t\t\t\t<\/div>\n\t\t\t\t<div class=\"elementor-element elementor-element-2b9028c elementor-widget elementor-widget-text-editor\" data-id=\"2b9028c\" data-element_type=\"widget\" data-e-type=\"widget\" data-widget_type=\"text-editor.default\">\n\t\t\t\t<div class=\"elementor-widget-container\">\n\t\t\t\t\t\t\t\t\t<blockquote cite=\"mid:CAKkhbtaL-DwL5spmhc94xkA2t7gOZiU4-tF_EJoQjheJTR02gg@mail.gmail.com\"><div dir=\"auto\">Ancienne infirmi\u00e8re, je cr\u00e9e et g\u00e8re un \u00e9colieu \u00e9quin dans les Vosges, qui est donc ax\u00e9 sur la dynamique Humain\/Animaux\/Environnement.\u00a0<\/div><div dir=\"auto\">Dans cette dynamique, je d\u00e9veloppe progressivement ma pratique du Shiatu aussi bien pour les personnes que pour les chevaux.\u00a0<\/div><\/blockquote>\t\t\t\t\t\t\t\t<\/div>\n\t\t\t\t<\/div>\n\t\t\t\t<\/div>\n\t\t<div class=\"elementor-element elementor-element-8887666 e-con-full e-flex e-con e-child\" data-id=\"8887666\" data-element_type=\"container\" data-e-type=\"container\">\n\t\t\t\t<div class=\"elementor-element elementor-element-c58c800 elementor-widget elementor-widget-image\" data-id=\"c58c800\" data-element_type=\"widget\" data-e-type=\"widget\" data-widget_type=\"image.default\">\n\t\t\t\t<div class=\"elementor-widget-container\">\n\t\t\t\t\t\t\t\t\t\t\t\t\t\t\t<img loading=\"lazy\" decoding=\"async\" width=\"540\" height=\"597\" src=\"https:\/\/ffst.fr\/wp-content\/uploads\/2024\/02\/jean-luc-moncel-equipe-ffst.png\" class=\"attachment-large size-large wp-image-2071\" alt=\"Jean Luc Moncel, \u00e9quipe F\u00e9d\u00e9ration Fran\u00e7aise de Shiatsu Traditionnel\" srcset=\"https:\/\/ffst.fr\/wp-content\/uploads\/2024\/02\/jean-luc-moncel-equipe-ffst.png 540w, https:\/\/ffst.fr\/wp-content\/uploads\/2024\/02\/jean-luc-moncel-equipe-ffst-271x300.png 271w\" sizes=\"(max-width: 540px) 100vw, 540px\" \/>\t\t\t\t\t\t\t\t\t\t\t\t\t\t\t<\/div>\n\t\t\t\t<\/div>\n\t\t\t\t<div class=\"elementor-element elementor-element-ba02c01 elementor-widget elementor-widget-text-editor\" data-id=\"ba02c01\" data-element_type=\"widget\" data-e-type=\"widget\" data-widget_type=\"text-editor.default\">\n\t\t\t\t<div class=\"elementor-widget-container\">\n\t\t\t\t\t\t\t\t\t<p>Charg\u00e9 de mission aupr\u00e8s de la Pr\u00e9sidente \/ P\u00f4le Communication Internet<\/p><p><strong>Jean-Luc MONCEL<\/strong><\/p>\t\t\t\t\t\t\t\t<\/div>\n\t\t\t\t<\/div>\n\t\t\t\t<div class=\"elementor-element elementor-element-0f556d3 elementor-widget elementor-widget-text-editor\" data-id=\"0f556d3\" data-element_type=\"widget\" data-e-type=\"widget\" data-widget_type=\"text-editor.default\">\n\t\t\t\t<div class=\"elementor-widget-container\">\n\t\t\t\t\t\t\t\t\t<p>Jean-Luc est issu du monde scientifique. Il occupe actuellement la fonction d\u2019ing\u00e9nieur de recherche au CNRS sur l\u2019un des laboratoires de l\u2019\u00c9cole polytechnique situ\u00e9 en r\u00e9gion parisienne.<\/p>\t\t\t\t\t\t\t\t<\/div>\n\t\t\t\t<\/div>\n\t\t\t\t<\/div>\n\t\t<div class=\"elementor-element elementor-element-be6fc37 e-con-full e-flex e-con e-child\" data-id=\"be6fc37\" data-element_type=\"container\" data-e-type=\"container\">\n\t\t\t\t<div class=\"elementor-element elementor-element-5d3cc90 elementor-widget elementor-widget-image\" data-id=\"5d3cc90\" data-element_type=\"widget\" data-e-type=\"widget\" data-widget_type=\"image.default\">\n\t\t\t\t<div class=\"elementor-widget-container\">\n\t\t\t\t\t\t\t\t\t\t\t\t\t\t\t<img loading=\"lazy\" decoding=\"async\" width=\"540\" height=\"597\" src=\"https:\/\/ffst.fr\/wp-content\/uploads\/2024\/02\/sophie-alet-equipe-ffst.png\" class=\"attachment-large size-large wp-image-2069\" alt=\"Sophie Alet, \u00e9quipe F\u00e9d\u00e9ration Fran\u00e7aise de Shiatsu Traditionnel\" srcset=\"https:\/\/ffst.fr\/wp-content\/uploads\/2024\/02\/sophie-alet-equipe-ffst.png 540w, https:\/\/ffst.fr\/wp-content\/uploads\/2024\/02\/sophie-alet-equipe-ffst-271x300.png 271w\" sizes=\"(max-width: 540px) 100vw, 540px\" \/>\t\t\t\t\t\t\t\t\t\t\t\t\t\t\t<\/div>\n\t\t\t\t<\/div>\n\t\t\t\t<div class=\"elementor-element elementor-element-c2b7d0f elementor-widget elementor-widget-text-editor\" data-id=\"c2b7d0f\" data-element_type=\"widget\" data-e-type=\"widget\" data-widget_type=\"text-editor.default\">\n\t\t\t\t<div class=\"elementor-widget-container\">\n\t\t\t\t\t\t\t\t\t<p>R\u00e9f\u00e9rente P\u00f4le Formation<\/p><p><strong>Sophie ALET<\/strong><\/p>\t\t\t\t\t\t\t\t<\/div>\n\t\t\t\t<\/div>\n\t\t\t\t<div class=\"elementor-element elementor-element-9bcb149 elementor-widget elementor-widget-text-editor\" data-id=\"9bcb149\" data-element_type=\"widget\" data-e-type=\"widget\" data-widget_type=\"text-editor.default\">\n\t\t\t\t<div class=\"elementor-widget-container\">\n\t\t\t\t\t\t\t\t\t<p>Praticienne Shiatsu Masunaga depuis 2009, certifi\u00e9e FFST et Ioka\u00ef, Sophie est sp\u00e9cialiste des vaisseaux merveilleux et cycles f\u00e9minins. Elle est \u00e9galement formatrice en pr\u00e9vention des TMS en entreprise, et professeure\/formatrice de Do-In et de Pilates. Elle a cr\u00e9\u00e9 le centre de formation Anatsu-FFST\u00a0 \u00e0 Toulouse en 2011.<\/p>\t\t\t\t\t\t\t\t<\/div>\n\t\t\t\t<\/div>\n\t\t\t\t<\/div>\n\t\t<div class=\"elementor-element elementor-element-502e3bc e-con-full e-flex e-con e-child\" data-id=\"502e3bc\" data-element_type=\"container\" data-e-type=\"container\">\n\t\t\t\t<div class=\"elementor-element elementor-element-ec30064 elementor-widget elementor-widget-image\" data-id=\"ec30064\" data-element_type=\"widget\" data-e-type=\"widget\" data-widget_type=\"image.default\">\n\t\t\t\t<div class=\"elementor-widget-container\">\n\t\t\t\t\t\t\t\t\t\t\t\t\t\t\t<img loading=\"lazy\" decoding=\"async\" width=\"540\" height=\"597\" src=\"https:\/\/ffst.fr\/wp-content\/uploads\/2024\/02\/christophe-mounier-equipe-ffst.png\" class=\"attachment-large size-large wp-image-2063\" alt=\"Christophe Mounier, \u00e9quipe F\u00e9d\u00e9ration Fran\u00e7aise de Shiatsu Traditionnel\" srcset=\"https:\/\/ffst.fr\/wp-content\/uploads\/2024\/02\/christophe-mounier-equipe-ffst.png 540w, https:\/\/ffst.fr\/wp-content\/uploads\/2024\/02\/christophe-mounier-equipe-ffst-271x300.png 271w\" sizes=\"(max-width: 540px) 100vw, 540px\" \/>\t\t\t\t\t\t\t\t\t\t\t\t\t\t\t<\/div>\n\t\t\t\t<\/div>\n\t\t\t\t<div class=\"elementor-element elementor-element-a01bec6 elementor-widget elementor-widget-text-editor\" data-id=\"a01bec6\" data-element_type=\"widget\" data-e-type=\"widget\" data-widget_type=\"text-editor.default\">\n\t\t\t\t<div class=\"elementor-widget-container\">\n\t\t\t\t\t\t\t\t\t<p>P\u00f4le formation<\/p><p><strong>Christophe MOUNIER<\/strong><\/p>\t\t\t\t\t\t\t\t<\/div>\n\t\t\t\t<\/div>\n\t\t\t\t<div class=\"elementor-element elementor-element-8c861cb elementor-widget elementor-widget-text-editor\" data-id=\"8c861cb\" data-element_type=\"widget\" data-e-type=\"widget\" data-widget_type=\"text-editor.default\">\n\t\t\t\t<div class=\"elementor-widget-container\">\n\t\t\t\t\t\t\t\t\t<p>Formateur en style Koho Shiatsu au sein du centre de formation Koho Shiatsu 29 sur Brest, Christophe forme aussi en massage Tha\u00ef, Chi Nei Tsang. Il est r\u00e9f\u00e9rent s\u00e9curit\u00e9 au CHRU de Brest.<\/p>\t\t\t\t\t\t\t\t<\/div>\n\t\t\t\t<\/div>\n\t\t\t\t<\/div>\n\t\t<div class=\"elementor-element elementor-element-42c4686 e-con-full e-flex e-con e-child\" data-id=\"42c4686\" data-element_type=\"container\" data-e-type=\"container\">\n\t\t\t\t<div class=\"elementor-element elementor-element-17c40d5 elementor-widget elementor-widget-image\" data-id=\"17c40d5\" data-element_type=\"widget\" data-e-type=\"widget\" data-widget_type=\"image.default\">\n\t\t\t\t<div class=\"elementor-widget-container\">\n\t\t\t\t\t\t\t\t\t\t\t\t\t\t\t<img loading=\"lazy\" decoding=\"async\" width=\"540\" height=\"597\" src=\"https:\/\/ffst.fr\/wp-content\/uploads\/2024\/02\/elisa-fourcassie-equipe-ffst.png\" class=\"attachment-large size-large wp-image-2064\" alt=\"Elsa Fourcassie, \u00e9quipe F\u00e9d\u00e9ration Fran\u00e7aise de Shiatsu Traditionnel\" srcset=\"https:\/\/ffst.fr\/wp-content\/uploads\/2024\/02\/elisa-fourcassie-equipe-ffst.png 540w, https:\/\/ffst.fr\/wp-content\/uploads\/2024\/02\/elisa-fourcassie-equipe-ffst-271x300.png 271w\" sizes=\"(max-width: 540px) 100vw, 540px\" \/>\t\t\t\t\t\t\t\t\t\t\t\t\t\t\t<\/div>\n\t\t\t\t<\/div>\n\t\t\t\t<div class=\"elementor-element elementor-element-5645873 elementor-widget elementor-widget-text-editor\" data-id=\"5645873\" data-element_type=\"widget\" data-e-type=\"widget\" data-widget_type=\"text-editor.default\">\n\t\t\t\t<div class=\"elementor-widget-container\">\n\t\t\t\t\t\t\t\t\t<p>Secr\u00e9taire comptable<\/p><p><strong>Elisa FOURCASSIES<\/strong><\/p>\t\t\t\t\t\t\t\t<\/div>\n\t\t\t\t<\/div>\n\t\t\t\t<div class=\"elementor-element elementor-element-cb13390 elementor-widget elementor-widget-text-editor\" data-id=\"cb13390\" data-element_type=\"widget\" data-e-type=\"widget\" data-widget_type=\"text-editor.default\">\n\t\t\t\t<div class=\"elementor-widget-container\">\n\t\t\t\t\t\t\t\t\t<p>r\u00e9pond \u00e0 vos demandes par mail et t\u00e9l\u00e9phone.<\/p>\t\t\t\t\t\t\t\t<\/div>\n\t\t\t\t<\/div>\n\t\t\t\t<\/div>\n\t\t<div class=\"elementor-element elementor-element-4ddfeeb e-con-full e-flex e-con e-child\" data-id=\"4ddfeeb\" data-element_type=\"container\" data-e-type=\"container\">\n\t\t\t\t<div class=\"elementor-element elementor-element-e58bb02 elementor-widget elementor-widget-image\" data-id=\"e58bb02\" data-element_type=\"widget\" data-e-type=\"widget\" data-widget_type=\"image.default\">\n\t\t\t\t<div class=\"elementor-widget-container\">\n\t\t\t\t\t\t\t\t\t\t\t\t\t\t\t<img loading=\"lazy\" decoding=\"async\" width=\"480\" height=\"601\" src=\"https:\/\/ffst.fr\/wp-content\/uploads\/2025\/02\/SAHLI-William-photo-petite.jpeg.jpg\" class=\"attachment-large size-large wp-image-10727\" alt=\"\" srcset=\"https:\/\/ffst.fr\/wp-content\/uploads\/2025\/02\/SAHLI-William-photo-petite.jpeg.jpg 480w, https:\/\/ffst.fr\/wp-content\/uploads\/2025\/02\/SAHLI-William-photo-petite.jpeg-240x300.jpg 240w\" sizes=\"(max-width: 480px) 100vw, 480px\" \/>\t\t\t\t\t\t\t\t\t\t\t\t\t\t\t<\/div>\n\t\t\t\t<\/div>\n\t\t\t\t<div class=\"elementor-element elementor-element-587cb90 elementor-widget elementor-widget-text-editor\" data-id=\"587cb90\" data-element_type=\"widget\" data-e-type=\"widget\" data-widget_type=\"text-editor.default\">\n\t\t\t\t<div class=\"elementor-widget-container\">\n\t\t\t\t\t\t\t\t\t<p>P\u00f4le Formation<\/p><p><strong>William SAHLI<\/strong><\/p>\t\t\t\t\t\t\t\t<\/div>\n\t\t\t\t<\/div>\n\t\t\t\t<div class=\"elementor-element elementor-element-84b0ac2 elementor-widget elementor-widget-text-editor\" data-id=\"84b0ac2\" data-element_type=\"widget\" data-e-type=\"widget\" data-widget_type=\"text-editor.default\">\n\t\t\t\t<div class=\"elementor-widget-container\">\n\t\t\t\t\t\t\t\t\t<p class=\"font_9 wixui-rich-text__text\"><span style=\"color: #505050; font-family: Arial;\">Praticien et formateur Shiatsu (Dirige l\u2019\u00e9cole manoTao Shiatsu \u00e0 Paris). Acupuncteur. Conf\u00e9rencier en \u00e9tude de textes tao\u00efstes appliqu\u00e9s \u00e0 la m\u00e9decine traditionnelle chinoise. Enseignant d\u2019arts martiaux japonais<\/span><\/p>\t\t\t\t\t\t\t\t<\/div>\n\t\t\t\t<\/div>\n\t\t\t\t<\/div>\n\t\t<div class=\"elementor-element elementor-element-3fbd72b e-con-full e-flex e-con e-child\" data-id=\"3fbd72b\" data-element_type=\"container\" data-e-type=\"container\">\n\t\t\t\t<div class=\"elementor-element elementor-element-a68c34d elementor-widget elementor-widget-image\" data-id=\"a68c34d\" data-element_type=\"widget\" data-e-type=\"widget\" data-widget_type=\"image.default\">\n\t\t\t\t<div class=\"elementor-widget-container\">\n\t\t\t\t\t\t\t\t\t\t\t\t\t\t\t<img loading=\"lazy\" decoding=\"async\" width=\"540\" height=\"597\" src=\"https:\/\/ffst.fr\/wp-content\/uploads\/2024\/03\/joel-bellec-equipe-ffst.png\" class=\"attachment-large size-large wp-image-2555\" alt=\"Joel Bellec, \u00e9quipe F\u00e9d\u00e9ration Fran\u00e7aise de Shiatsu Traditionnel\" srcset=\"https:\/\/ffst.fr\/wp-content\/uploads\/2024\/03\/joel-bellec-equipe-ffst.png 540w, https:\/\/ffst.fr\/wp-content\/uploads\/2024\/03\/joel-bellec-equipe-ffst-271x300.png 271w\" sizes=\"(max-width: 540px) 100vw, 540px\" \/>\t\t\t\t\t\t\t\t\t\t\t\t\t\t\t<\/div>\n\t\t\t\t<\/div>\n\t\t\t\t<div class=\"elementor-element elementor-element-ad0a033 elementor-widget elementor-widget-text-editor\" data-id=\"ad0a033\" data-element_type=\"widget\" data-e-type=\"widget\" data-widget_type=\"text-editor.default\">\n\t\t\t\t<div class=\"elementor-widget-container\">\n\t\t\t\t\t\t\t\t\t<p>P\u00f4le Formation \/ Assistanat<\/p><p><strong>Jo\u00ebl BELLEC<\/strong><\/p>\t\t\t\t\t\t\t\t<\/div>\n\t\t\t\t<\/div>\n\t\t\t\t<div class=\"elementor-element elementor-element-739d84e elementor-widget elementor-widget-text-editor\" data-id=\"739d84e\" data-element_type=\"widget\" data-e-type=\"widget\" data-widget_type=\"text-editor.default\">\n\t\t\t\t<div class=\"elementor-widget-container\">\n\t\t\t\t\t\t\t\t\t<p>Praticien et enseignant FFST, Jo\u00ebl est \u00e9galement coach sportif en Moselle. Anim\u00e9 par l&#8217;accompagnement de l&#8217;humain dans son bien-\u00eatre et sa sant\u00e9, il souhaite participer \u00e0 faire conna\u00eetre et reconna\u00eetre le Shiatsu comme un v\u00e9ritable outil de d\u00e9veloppement physique et mental.<\/p>\t\t\t\t\t\t\t\t<\/div>\n\t\t\t\t<\/div>\n\t\t\t\t<\/div>\n\t\t<div class=\"elementor-element elementor-element-791eabe e-con-full e-flex e-con e-child\" data-id=\"791eabe\" data-element_type=\"container\" data-e-type=\"container\">\n\t\t\t\t<div class=\"elementor-element elementor-element-022a738 elementor-widget elementor-widget-image\" data-id=\"022a738\" data-element_type=\"widget\" data-e-type=\"widget\" data-widget_type=\"image.default\">\n\t\t\t\t<div class=\"elementor-widget-container\">\n\t\t\t\t\t\t\t\t\t\t\t\t\t\t\t<img loading=\"lazy\" decoding=\"async\" width=\"700\" height=\"1024\" src=\"https:\/\/ffst.fr\/wp-content\/uploads\/2026\/02\/Profil-Maria2-700x1024.jpg\" class=\"attachment-large size-large wp-image-13927\" alt=\"\" srcset=\"https:\/\/ffst.fr\/wp-content\/uploads\/2026\/02\/Profil-Maria2-700x1024.jpg 700w, https:\/\/ffst.fr\/wp-content\/uploads\/2026\/02\/Profil-Maria2-205x300.jpg 205w, https:\/\/ffst.fr\/wp-content\/uploads\/2026\/02\/Profil-Maria2-600x878.jpg 600w, https:\/\/ffst.fr\/wp-content\/uploads\/2026\/02\/Profil-Maria2.jpg 720w\" sizes=\"(max-width: 700px) 100vw, 700px\" \/>\t\t\t\t\t\t\t\t\t\t\t\t\t\t\t<\/div>\n\t\t\t\t<\/div>\n\t\t\t\t<div class=\"elementor-element elementor-element-c2e8c28 elementor-widget elementor-widget-text-editor\" data-id=\"c2e8c28\" data-element_type=\"widget\" data-e-type=\"widget\" data-widget_type=\"text-editor.default\">\n\t\t\t\t<div class=\"elementor-widget-container\">\n\t\t\t\t\t\t\t\t\t<p>P\u00f4le Formation<\/p><p><strong>Maria HYVARINEN<\/strong><\/p>\t\t\t\t\t\t\t\t<\/div>\n\t\t\t\t<\/div>\n\t\t\t\t<div class=\"elementor-element elementor-element-44a4308 elementor-widget elementor-widget-text-editor\" data-id=\"44a4308\" data-element_type=\"widget\" data-e-type=\"widget\" data-widget_type=\"text-editor.default\">\n\t\t\t\t<div class=\"elementor-widget-container\">\n\t\t\t\t\t\t\t\t\t<p>Praticienne de shiatsu Masunaga depuis 2015, formatrice depuis 2019, sp\u00e9cialis\u00e9e dans l\u2019accompagnement de la maternit\u00e9 ainsi que dans les Vaisseaux Merveilleux. Elle pratique le Gua Sha et le Chi Nei Tsang. Elle enseigne le shiatsu dans les Pyr\u00e9n\u00e9es-Orientales, \u00e0 Banyuls-sur-Mer.<\/p>\t\t\t\t\t\t\t\t<\/div>\n\t\t\t\t<\/div>\n\t\t\t\t<\/div>\n\t\t<div class=\"elementor-element elementor-element-9d5ab50 e-con-full e-flex e-con e-child\" data-id=\"9d5ab50\" data-element_type=\"container\" data-e-type=\"container\">\n\t\t\t\t<div class=\"elementor-element elementor-element-5ec6b9f elementor-widget elementor-widget-image\" data-id=\"5ec6b9f\" data-element_type=\"widget\" data-e-type=\"widget\" data-widget_type=\"image.default\">\n\t\t\t\t<div class=\"elementor-widget-container\">\n\t\t\t\t\t\t\t\t\t\t\t\t\t\t\t<img loading=\"lazy\" decoding=\"async\" width=\"540\" height=\"597\" src=\"https:\/\/ffst.fr\/wp-content\/uploads\/2024\/03\/valerie-capel-ffst-equipe.png\" class=\"attachment-large size-large wp-image-2578\" alt=\"Val\u00e9rie Capel, \u00e9quipe F\u00e9d\u00e9ration Fran\u00e7aise de Shiatsu Traditionnel\" srcset=\"https:\/\/ffst.fr\/wp-content\/uploads\/2024\/03\/valerie-capel-ffst-equipe.png 540w, https:\/\/ffst.fr\/wp-content\/uploads\/2024\/03\/valerie-capel-ffst-equipe-271x300.png 271w\" sizes=\"(max-width: 540px) 100vw, 540px\" \/>\t\t\t\t\t\t\t\t\t\t\t\t\t\t\t<\/div>\n\t\t\t\t<\/div>\n\t\t\t\t<div class=\"elementor-element elementor-element-fef74fa elementor-widget elementor-widget-text-editor\" data-id=\"fef74fa\" data-element_type=\"widget\" data-e-type=\"widget\" data-widget_type=\"text-editor.default\">\n\t\t\t\t<div class=\"elementor-widget-container\">\n\t\t\t\t\t\t\t\t\t<p>P\u00f4le Formation Do In<\/p><p><strong>Val\u00e9rie CAPEL<\/strong><\/p>\t\t\t\t\t\t\t\t<\/div>\n\t\t\t\t<\/div>\n\t\t\t\t<div class=\"elementor-element elementor-element-16c5f97 elementor-widget elementor-widget-text-editor\" data-id=\"16c5f97\" data-element_type=\"widget\" data-e-type=\"widget\" data-widget_type=\"text-editor.default\">\n\t\t\t\t<div class=\"elementor-widget-container\">\n\t\t\t\t\t\t\t\t\t<p>Apr\u00e8s 25 ans de carri\u00e8re dans la sant\u00e9, Val\u00e9rie a ouvert son centre de formation et de pratiques corporelles \u00e0 Paris en tant que coach forme, pr\u00e9vention-sant\u00e9 ax\u00e9 sur le postural. Elle est praticienne Shiatsu certifi\u00e9e (membre de la FFST depuis 2009), animatrice et formatrice Do-In, qualifi\u00e9e en MTC, Qi-Gong et M\u00e9thode de Gasquet.<\/p>\t\t\t\t\t\t\t\t<\/div>\n\t\t\t\t<\/div>\n\t\t\t\t<\/div>\n\t\t<div class=\"elementor-element elementor-element-a353594 e-con-full e-flex e-con e-child\" data-id=\"a353594\" data-element_type=\"container\" data-e-type=\"container\">\n\t\t\t\t<div class=\"elementor-element elementor-element-09786f2 elementor-widget elementor-widget-image\" data-id=\"09786f2\" data-element_type=\"widget\" data-e-type=\"widget\" data-widget_type=\"image.default\">\n\t\t\t\t<div class=\"elementor-widget-container\">\n\t\t\t\t\t\t\t\t\t\t\t\t\t\t\t<img loading=\"lazy\" decoding=\"async\" width=\"796\" height=\"1024\" src=\"https:\/\/ffst.fr\/wp-content\/uploads\/2025\/04\/IMG_4683-2-796x1024.jpg\" class=\"attachment-large size-large wp-image-11196\" alt=\"\" srcset=\"https:\/\/ffst.fr\/wp-content\/uploads\/2025\/04\/IMG_4683-2-796x1024.jpg 796w, https:\/\/ffst.fr\/wp-content\/uploads\/2025\/04\/IMG_4683-2-233x300.jpg 233w, https:\/\/ffst.fr\/wp-content\/uploads\/2025\/04\/IMG_4683-2-768x988.jpg 768w, https:\/\/ffst.fr\/wp-content\/uploads\/2025\/04\/IMG_4683-2-1194x1536.jpg 1194w, https:\/\/ffst.fr\/wp-content\/uploads\/2025\/04\/IMG_4683-2-1592x2048.jpg 1592w, https:\/\/ffst.fr\/wp-content\/uploads\/2025\/04\/IMG_4683-2-600x772.jpg 600w, https:\/\/ffst.fr\/wp-content\/uploads\/2025\/04\/IMG_4683-2.jpg 1931w\" sizes=\"(max-width: 796px) 100vw, 796px\" \/>\t\t\t\t\t\t\t\t\t\t\t\t\t\t\t<\/div>\n\t\t\t\t<\/div>\n\t\t\t\t<div class=\"elementor-element elementor-element-15c5237 elementor-widget elementor-widget-text-editor\" data-id=\"15c5237\" data-element_type=\"widget\" data-e-type=\"widget\" data-widget_type=\"text-editor.default\">\n\t\t\t\t<div class=\"elementor-widget-container\">\n\t\t\t\t\t\t\t\t\t<p>P\u00f4le Shiatsu animalier<\/p><p><b>Pascal COUTELOT<\/b><\/p>\t\t\t\t\t\t\t\t<\/div>\n\t\t\t\t<\/div>\n\t\t\t\t<div class=\"elementor-element elementor-element-97b2171 elementor-widget elementor-widget-text-editor\" data-id=\"97b2171\" data-element_type=\"widget\" data-e-type=\"widget\" data-widget_type=\"text-editor.default\">\n\t\t\t\t<div class=\"elementor-widget-container\">\n\t\t\t\t\t\t\t\t\t<p>Pascal pratique le shiatsu animalier en Bourgogne Franche-Comt\u00e9. Il accompagne les propri\u00e9taires et gardiens d&#8217;animaux vers un meilleur \u00e9quilibre relationnel et \u00e9nerg\u00e9tique gr\u00e2ce \u00e0 la pratique du shiatsu appliqu\u00e9 au couple humain-animal<\/p>\t\t\t\t\t\t\t\t<\/div>\n\t\t\t\t<\/div>\n\t\t\t\t<\/div>\n\t\t\t\t\t<\/div>\n\t\t\t\t<\/div>\n\t\t\t\t\t<\/div>\n\t\t\t\t<\/div>\n\t\t<div class=\"elementor-element elementor-element-17e9342 e-flex e-con-boxed e-con e-parent\" data-id=\"17e9342\" data-element_type=\"container\" data-e-type=\"container\" data-settings=\"{&quot;background_background&quot;:&quot;classic&quot;}\">\n\t\t\t\t\t<div class=\"e-con-inner\">\n\t\t\t\t<div class=\"elementor-element elementor-element-1878112 elementor-absolute elementor-widget elementor-widget-image\" data-id=\"1878112\" data-element_type=\"widget\" data-e-type=\"widget\" data-settings=\"{&quot;_position&quot;:&quot;absolute&quot;}\" data-widget_type=\"image.default\">\n\t\t\t\t<div class=\"elementor-widget-container\">\n\t\t\t\t\t\t\t\t\t\t\t\t\t\t\t<img loading=\"lazy\" decoding=\"async\" width=\"800\" height=\"800\" src=\"https:\/\/ffst.fr\/wp-content\/uploads\/2024\/01\/ffst-forme-galet.svg\" class=\"attachment-large size-large wp-image-767\" alt=\"Forme galet noir F\u00e9d\u00e9ration Fran\u00e7aise de Shiatsu Traditionnel\" \/>\t\t\t\t\t\t\t\t\t\t\t\t\t\t\t<\/div>\n\t\t\t\t<\/div>\n\t\t<div class=\"elementor-element elementor-element-41f75a1 e-flex e-con-boxed e-con e-child\" data-id=\"41f75a1\" data-element_type=\"container\" data-e-type=\"container\">\n\t\t\t\t\t<div class=\"e-con-inner\">\n\t\t<div class=\"elementor-element elementor-element-5b3ac0a e-flex e-con-boxed e-con e-child\" data-id=\"5b3ac0a\" data-element_type=\"container\" data-e-type=\"container\">\n\t\t\t\t\t<div class=\"e-con-inner\">\n\t\t\t\t<div class=\"elementor-element elementor-element-597518a elementor-widget elementor-widget-heading\" data-id=\"597518a\" data-element_type=\"widget\" data-e-type=\"widget\" data-widget_type=\"heading.default\">\n\t\t\t\t<div class=\"elementor-widget-container\">\n\t\t\t\t\t<h2 class=\"elementor-heading-title elementor-size-default\">Le bureau ex\u00e9cutif<\/h2>\t\t\t\t<\/div>\n\t\t\t\t<\/div>\n\t\t\t\t<div class=\"elementor-element elementor-element-af755a6 elementor-widget elementor-widget-text-editor\" data-id=\"af755a6\" data-element_type=\"widget\" data-e-type=\"widget\" data-widget_type=\"text-editor.default\">\n\t\t\t\t<div class=\"elementor-widget-container\">\n\t\t\t\t\t\t\t\t\t<p>Le Conseil d\u2019administration choisit parmi ses membres un bureau ex\u00e9cutif constitu\u00e9 des personnes charg\u00e9es de l\u2019ex\u00e9cution des d\u00e9cisions et de la gestion des affaires courantes. Il se compose de :<\/p><ul><li><strong>Fanny ROQUE\u00a0:<\/strong> pr\u00e9sidente<\/li><li><strong>Christian PEQUILET\u00a0:<\/strong> vice-pr\u00e9sident<\/li><li><strong>Anne ALBARET\u00a0:<\/strong> Secr\u00e9taire g\u00e9n\u00e9rale<\/li><li><strong>Emmanuelle Chr\u00e9tien\u00a0:<\/strong> tr\u00e9sori\u00e8re<\/li><\/ul>\t\t\t\t\t\t\t\t<\/div>\n\t\t\t\t<\/div>\n\t\t\t\t<div class=\"elementor-element elementor-element-da2409d elementor-widget elementor-widget-heading\" data-id=\"da2409d\" data-element_type=\"widget\" data-e-type=\"widget\" data-widget_type=\"heading.default\">\n\t\t\t\t<div class=\"elementor-widget-container\">\n\t\t\t\t\t<h2 class=\"elementor-heading-title elementor-size-default\">Les textes fondateurs de l\u2019association<\/h2>\t\t\t\t<\/div>\n\t\t\t\t<\/div>\n\t\t\t\t<div class=\"elementor-element elementor-element-a6b7bd9 elementor-align-left elementor-mobile-align-center elementor-hidden-desktop elementor-hidden-tablet elementor-hidden-mobile elementor-widget elementor-widget-button\" data-id=\"a6b7bd9\" data-element_type=\"widget\" data-e-type=\"widget\" data-widget_type=\"button.default\">\n\t\t\t\t<div class=\"elementor-widget-container\">\n\t\t\t\t\t\t\t\t\t<div class=\"elementor-button-wrapper\">\n\t\t\t\t\t<a class=\"elementor-button elementor-button-link elementor-size-sm\" href=\"#\">\n\t\t\t\t\t\t<span class=\"elementor-button-content-wrapper\">\n\t\t\t\t\t\t\t\t\t<span class=\"elementor-button-text\">Statuts<\/span>\n\t\t\t\t\t<\/span>\n\t\t\t\t\t<\/a>\n\t\t\t\t<\/div>\n\t\t\t\t\t\t\t\t<\/div>\n\t\t\t\t<\/div>\n\t\t\t\t<div class=\"elementor-element elementor-element-324ba15 elementor-align-left elementor-mobile-align-center elementor-hidden-desktop elementor-hidden-tablet elementor-hidden-mobile elementor-widget elementor-widget-button\" data-id=\"324ba15\" data-element_type=\"widget\" data-e-type=\"widget\" data-widget_type=\"button.default\">\n\t\t\t\t<div class=\"elementor-widget-container\">\n\t\t\t\t\t\t\t\t\t<div class=\"elementor-button-wrapper\">\n\t\t\t\t\t<a class=\"elementor-button elementor-button-link elementor-size-sm\" href=\"#\">\n\t\t\t\t\t\t<span class=\"elementor-button-content-wrapper\">\n\t\t\t\t\t\t\t\t\t<span class=\"elementor-button-text\">R\u00e8glement int\u00e9rieur <\/span>\n\t\t\t\t\t<\/span>\n\t\t\t\t\t<\/a>\n\t\t\t\t<\/div>\n\t\t\t\t\t\t\t\t<\/div>\n\t\t\t\t<\/div>\n\t\t\t\t<div class=\"elementor-element elementor-element-47755bc elementor-align-left elementor-mobile-align-center elementor-widget elementor-widget-button\" data-id=\"47755bc\" data-element_type=\"widget\" data-e-type=\"widget\" data-widget_type=\"button.default\">\n\t\t\t\t<div class=\"elementor-widget-container\">\n\t\t\t\t\t\t\t\t\t<div class=\"elementor-button-wrapper\">\n\t\t\t\t\t<a class=\"elementor-button elementor-button-link elementor-size-sm\" href=\"http:\/\/new.ffst.fr\/wp-content\/uploads\/2024\/02\/code-de-deontologie-ffst.pdf\" target=\"_blank\">\n\t\t\t\t\t\t<span class=\"elementor-button-content-wrapper\">\n\t\t\t\t\t\t\t\t\t<span class=\"elementor-button-text\">Code de d\u00e9ontologie <\/span>\n\t\t\t\t\t<\/span>\n\t\t\t\t\t<\/a>\n\t\t\t\t<\/div>\n\t\t\t\t\t\t\t\t<\/div>\n\t\t\t\t<\/div>\n\t\t\t\t\t<\/div>\n\t\t\t\t<\/div>\n\t\t<div class=\"elementor-element elementor-element-62cb6d6 e-flex e-con-boxed e-con e-child\" data-id=\"62cb6d6\" data-element_type=\"container\" data-e-type=\"container\">\n\t\t\t\t\t<div class=\"e-con-inner\">\n\t\t\t\t<div class=\"elementor-element elementor-element-48fe799 elementor-widget elementor-widget-image\" data-id=\"48fe799\" data-element_type=\"widget\" data-e-type=\"widget\" data-widget_type=\"image.default\">\n\t\t\t\t<div class=\"elementor-widget-container\">\n\t\t\t\t\t\t\t\t\t\t\t\t\t\t\t<img loading=\"lazy\" decoding=\"async\" width=\"540\" height=\"597\" src=\"https:\/\/ffst.fr\/wp-content\/uploads\/2024\/02\/pratique-shiatsu-ffst.png\" class=\"attachment-large size-large wp-image-2053\" alt=\"Shiatsu humain pratique F\u00e9d\u00e9ration Fran\u00e7aise de Shiatsu Traditionnel\" srcset=\"https:\/\/ffst.fr\/wp-content\/uploads\/2024\/02\/pratique-shiatsu-ffst.png 540w, https:\/\/ffst.fr\/wp-content\/uploads\/2024\/02\/pratique-shiatsu-ffst-271x300.png 271w\" sizes=\"(max-width: 540px) 100vw, 540px\" \/>\t\t\t\t\t\t\t\t\t\t\t\t\t\t\t<\/div>\n\t\t\t\t<\/div>\n\t\t\t\t\t<\/div>\n\t\t\t\t<\/div>\n\t\t\t\t\t<\/div>\n\t\t\t\t<\/div>\n\t\t\t\t\t<\/div>\n\t\t\t\t<\/div>\n\t\t\t\t<\/div>\n\t\t","protected":false},"excerpt":{"rendered":"<p>Une f\u00e9d\u00e9ration dynamique au service de ses adh\u00e9rent(e)s Les membres b\u00e9n\u00e9voles du conseil d\u2019administration et du bureau ex\u00e9cutif de la FFST \u0153uvrent chaque jour au bon fonctionnement de la f\u00e9d\u00e9ration et \u00e0 la pleine r\u00e9alisation de ses missions. Nos missions Le conseil d\u2019administration \u00c9lus pour 3 ans, les membres du conseil d\u2019administration de la FFST [&hellip;]<\/p>\n","protected":false},"author":4,"featured_media":0,"parent":0,"menu_order":0,"comment_status":"closed","ping_status":"closed","template":"","meta":{"_acf_changed":false,"inline_featured_image":false,"footnotes":""},"class_list":["post-20","page","type-page","status-publish","hentry"],"acf":[],"yoast_head":"<!-- This site is optimized with the Yoast SEO plugin v28.3 - https:\/\/yoast.com\/product\/yoast-seo-wordpress\/ -->\n<title>Notre \u00e9quipe - F\u00e9d\u00e9ration Fran\u00e7aise de Shiatsu Traditionnel<\/title>\n<meta name=\"robots\" content=\"index, follow, max-snippet:-1, max-image-preview:large, max-video-preview:-1\" \/>\n<link rel=\"canonical\" href=\"https:\/\/ffst.fr\/notre-equipe\/\" \/>\n<meta property=\"og:locale\" content=\"fr_FR\" \/>\n<meta property=\"og:type\" content=\"article\" \/>\n<meta property=\"og:title\" content=\"Notre \u00e9quipe - F\u00e9d\u00e9ration Fran\u00e7aise de Shiatsu Traditionnel\" \/>\n<meta property=\"og:description\" content=\"Une f\u00e9d\u00e9ration dynamique au service de ses adh\u00e9rent(e)s Les membres b\u00e9n\u00e9voles du conseil d\u2019administration et du bureau ex\u00e9cutif de la FFST \u0153uvrent chaque jour au bon fonctionnement de la f\u00e9d\u00e9ration et \u00e0 la pleine r\u00e9alisation de ses missions. Nos missions Le conseil d\u2019administration \u00c9lus pour 3 ans, les membres du conseil d\u2019administration de la FFST [&hellip;]\" \/>\n<meta property=\"og:url\" content=\"https:\/\/ffst.fr\/notre-equipe\/\" \/>\n<meta property=\"og:site_name\" content=\"F\u00e9d\u00e9ration Fran\u00e7aise de Shiatsu Traditionnel\" \/>\n<meta property=\"article:modified_time\" content=\"2026-03-02T11:30:55+00:00\" \/>\n<meta property=\"og:image\" content=\"https:\/\/ffst.fr\/wp-content\/uploads\/2024\/02\/photo-mains-unies-shiatsu-pratique-traditionnnelle.png\" \/>\n\t<meta property=\"og:image:width\" content=\"540\" \/>\n\t<meta property=\"og:image:height\" content=\"597\" \/>\n\t<meta property=\"og:image:type\" content=\"image\/png\" \/>\n<meta name=\"twitter:card\" content=\"summary_large_image\" \/>\n<meta name=\"twitter:label1\" content=\"Dur\u00e9e de lecture estim\u00e9e\" \/>\n\t<meta name=\"twitter:data1\" content=\"9 minutes\" \/>\n<script type=\"application\/ld+json\" class=\"yoast-schema-graph\">{\"@context\":\"https:\\\/\\\/schema.org\",\"@graph\":[{\"@type\":\"WebPage\",\"@id\":\"https:\\\/\\\/ffst.fr\\\/notre-equipe\\\/\",\"url\":\"https:\\\/\\\/ffst.fr\\\/notre-equipe\\\/\",\"name\":\"Notre \u00e9quipe - F\u00e9d\u00e9ration Fran\u00e7aise de Shiatsu Traditionnel\",\"isPartOf\":{\"@id\":\"https:\\\/\\\/ffst.fr\\\/#website\"},\"primaryImageOfPage\":{\"@id\":\"https:\\\/\\\/ffst.fr\\\/notre-equipe\\\/#primaryimage\"},\"image\":{\"@id\":\"https:\\\/\\\/ffst.fr\\\/notre-equipe\\\/#primaryimage\"},\"thumbnailUrl\":\"https:\\\/\\\/ffst.fr\\\/wp-content\\\/uploads\\\/2024\\\/02\\\/photo-mains-unies-shiatsu-pratique-traditionnnelle.png\",\"datePublished\":\"2023-12-21T11:27:47+00:00\",\"dateModified\":\"2026-03-02T11:30:55+00:00\",\"breadcrumb\":{\"@id\":\"https:\\\/\\\/ffst.fr\\\/notre-equipe\\\/#breadcrumb\"},\"inLanguage\":\"fr-FR\",\"potentialAction\":[{\"@type\":\"ReadAction\",\"target\":[\"https:\\\/\\\/ffst.fr\\\/notre-equipe\\\/\"]}]},{\"@type\":\"ImageObject\",\"inLanguage\":\"fr-FR\",\"@id\":\"https:\\\/\\\/ffst.fr\\\/notre-equipe\\\/#primaryimage\",\"url\":\"https:\\\/\\\/ffst.fr\\\/wp-content\\\/uploads\\\/2024\\\/02\\\/photo-mains-unies-shiatsu-pratique-traditionnnelle.png\",\"contentUrl\":\"https:\\\/\\\/ffst.fr\\\/wp-content\\\/uploads\\\/2024\\\/02\\\/photo-mains-unies-shiatsu-pratique-traditionnnelle.png\",\"width\":540,\"height\":597,\"caption\":\"Photo mains unies Shiatsu pratique traditionnelle\"},{\"@type\":\"BreadcrumbList\",\"@id\":\"https:\\\/\\\/ffst.fr\\\/notre-equipe\\\/#breadcrumb\",\"itemListElement\":[{\"@type\":\"ListItem\",\"position\":1,\"name\":\"Accueil\",\"item\":\"https:\\\/\\\/ffst.fr\\\/\"},{\"@type\":\"ListItem\",\"position\":2,\"name\":\"Notre \u00e9quipe\"}]},{\"@type\":\"WebSite\",\"@id\":\"https:\\\/\\\/ffst.fr\\\/#website\",\"url\":\"https:\\\/\\\/ffst.fr\\\/\",\"name\":\"F\u00e9d\u00e9ration Fran\u00e7aise de Shiatsu Traditionnel\",\"description\":\"\",\"potentialAction\":[{\"@type\":\"SearchAction\",\"target\":{\"@type\":\"EntryPoint\",\"urlTemplate\":\"https:\\\/\\\/ffst.fr\\\/?s={search_term_string}\"},\"query-input\":{\"@type\":\"PropertyValueSpecification\",\"valueRequired\":true,\"valueName\":\"search_term_string\"}}],\"inLanguage\":\"fr-FR\"}]}<\/script>\n<!-- \/ Yoast SEO plugin. -->","yoast_head_json":{"title":"Notre \u00e9quipe - F\u00e9d\u00e9ration Fran\u00e7aise de Shiatsu Traditionnel","robots":{"index":"index","follow":"follow","max-snippet":"max-snippet:-1","max-image-preview":"max-image-preview:large","max-video-preview":"max-video-preview:-1"},"canonical":"https:\/\/ffst.fr\/notre-equipe\/","og_locale":"fr_FR","og_type":"article","og_title":"Notre \u00e9quipe - F\u00e9d\u00e9ration Fran\u00e7aise de Shiatsu Traditionnel","og_description":"Une f\u00e9d\u00e9ration dynamique au service de ses adh\u00e9rent(e)s Les membres b\u00e9n\u00e9voles du conseil d\u2019administration et du bureau ex\u00e9cutif de la FFST \u0153uvrent chaque jour au bon fonctionnement de la f\u00e9d\u00e9ration et \u00e0 la pleine r\u00e9alisation de ses missions. Nos missions Le conseil d\u2019administration \u00c9lus pour 3 ans, les membres du conseil d\u2019administration de la FFST [&hellip;]","og_url":"https:\/\/ffst.fr\/notre-equipe\/","og_site_name":"F\u00e9d\u00e9ration Fran\u00e7aise de Shiatsu Traditionnel","article_modified_time":"2026-03-02T11:30:55+00:00","og_image":[{"width":540,"height":597,"url":"https:\/\/ffst.fr\/wp-content\/uploads\/2024\/02\/photo-mains-unies-shiatsu-pratique-traditionnnelle.png","type":"image\/png"}],"twitter_card":"summary_large_image","twitter_misc":{"Dur\u00e9e de lecture estim\u00e9e":"9 minutes"},"schema":{"@context":"https:\/\/schema.org","@graph":[{"@type":"WebPage","@id":"https:\/\/ffst.fr\/notre-equipe\/","url":"https:\/\/ffst.fr\/notre-equipe\/","name":"Notre \u00e9quipe - F\u00e9d\u00e9ration Fran\u00e7aise de Shiatsu Traditionnel","isPartOf":{"@id":"https:\/\/ffst.fr\/#website"},"primaryImageOfPage":{"@id":"https:\/\/ffst.fr\/notre-equipe\/#primaryimage"},"image":{"@id":"https:\/\/ffst.fr\/notre-equipe\/#primaryimage"},"thumbnailUrl":"https:\/\/ffst.fr\/wp-content\/uploads\/2024\/02\/photo-mains-unies-shiatsu-pratique-traditionnnelle.png","datePublished":"2023-12-21T11:27:47+00:00","dateModified":"2026-03-02T11:30:55+00:00","breadcrumb":{"@id":"https:\/\/ffst.fr\/notre-equipe\/#breadcrumb"},"inLanguage":"fr-FR","potentialAction":[{"@type":"ReadAction","target":["https:\/\/ffst.fr\/notre-equipe\/"]}]},{"@type":"ImageObject","inLanguage":"fr-FR","@id":"https:\/\/ffst.fr\/notre-equipe\/#primaryimage","url":"https:\/\/ffst.fr\/wp-content\/uploads\/2024\/02\/photo-mains-unies-shiatsu-pratique-traditionnnelle.png","contentUrl":"https:\/\/ffst.fr\/wp-content\/uploads\/2024\/02\/photo-mains-unies-shiatsu-pratique-traditionnnelle.png","width":540,"height":597,"caption":"Photo mains unies Shiatsu pratique traditionnelle"},{"@type":"BreadcrumbList","@id":"https:\/\/ffst.fr\/notre-equipe\/#breadcrumb","itemListElement":[{"@type":"ListItem","position":1,"name":"Accueil","item":"https:\/\/ffst.fr\/"},{"@type":"ListItem","position":2,"name":"Notre \u00e9quipe"}]},{"@type":"WebSite","@id":"https:\/\/ffst.fr\/#website","url":"https:\/\/ffst.fr\/","name":"F\u00e9d\u00e9ration Fran\u00e7aise de Shiatsu Traditionnel","description":"","potentialAction":[{"@type":"SearchAction","target":{"@type":"EntryPoint","urlTemplate":"https:\/\/ffst.fr\/?s={search_term_string}"},"query-input":{"@type":"PropertyValueSpecification","valueRequired":true,"valueName":"search_term_string"}}],"inLanguage":"fr-FR"}]}},"_links":{"self":[{"href":"https:\/\/ffst.fr\/index.php?rest_route=\/wp\/v2\/pages\/20","targetHints":{"allow":["GET"]}}],"collection":[{"href":"https:\/\/ffst.fr\/index.php?rest_route=\/wp\/v2\/pages"}],"about":[{"href":"https:\/\/ffst.fr\/index.php?rest_route=\/wp\/v2\/types\/page"}],"author":[{"embeddable":true,"href":"https:\/\/ffst.fr\/index.php?rest_route=\/wp\/v2\/users\/4"}],"replies":[{"embeddable":true,"href":"https:\/\/ffst.fr\/index.php?rest_route=%2Fwp%2Fv2%2Fcomments&post=20"}],"version-history":[{"count":0,"href":"https:\/\/ffst.fr\/index.php?rest_route=\/wp\/v2\/pages\/20\/revisions"}],"wp:attachment":[{"href":"https:\/\/ffst.fr\/index.php?rest_route=%2Fwp%2Fv2%2Fmedia&parent=20"}],"curies":[{"name":"wp","href":"https:\/\/api.w.org\/{rel}","templated":true}]}}