{"id":13906,"date":"2026-02-26T11:27:11","date_gmt":"2026-02-26T10:27:11","guid":{"rendered":"https:\/\/ffst.fr\/?post_type=centres-de-formation&#038;p=13906"},"modified":"2026-02-27T08:42:33","modified_gmt":"2026-02-27T07:42:33","slug":"ese-ecole-de-shiatsu-equin-et-canin","status":"publish","type":"centres-de-formation","link":"https:\/\/ffst.fr\/?centres-de-formation=ese-ecole-de-shiatsu-equin-et-canin","title":{"rendered":"ESE \u00e9cole de shiatsu \u00e9quin et canin"},"content":{"rendered":"\t\t<div data-elementor-type=\"wp-post\" data-elementor-id=\"13906\" class=\"elementor elementor-13906\" data-elementor-post-type=\"centres-de-formation\">\n\t\t\t\t<div class=\"elementor-element elementor-element-5bcdbdd3 e-flex e-con-boxed e-con e-parent\" data-id=\"5bcdbdd3\" data-element_type=\"container\" data-e-type=\"container\" data-settings=\"{&quot;background_background&quot;:&quot;classic&quot;}\">\n\t\t\t\t\t<div class=\"e-con-inner\">\n\t\t\t\t<div class=\"elementor-element elementor-element-30287876 elementor-widget elementor-widget-heading\" data-id=\"30287876\" data-element_type=\"widget\" data-e-type=\"widget\" data-widget_type=\"heading.default\">\n\t\t\t\t<div class=\"elementor-widget-container\">\n\t\t\t\t\t<h1 class=\"elementor-heading-title elementor-size-default\">ESE \u00e9cole de shiatsu \u00e9quin et canin<\/h1>\t\t\t\t<\/div>\n\t\t\t\t<\/div>\n\t\t<div class=\"elementor-element elementor-element-2737eaf3 e-flex e-con-boxed e-con e-child\" data-id=\"2737eaf3\" data-element_type=\"container\" data-e-type=\"container\">\n\t\t\t\t\t<div class=\"e-con-inner\">\n\t\t<div class=\"elementor-element elementor-element-4667d760 e-flex e-con-boxed e-con e-child\" data-id=\"4667d760\" data-element_type=\"container\" data-e-type=\"container\">\n\t\t\t\t\t<div class=\"e-con-inner\">\n\t\t\t\t<div class=\"elementor-element elementor-element-64170a75 elementor-widget elementor-widget-text-editor\" data-id=\"64170a75\" data-element_type=\"widget\" data-e-type=\"widget\" data-widget_type=\"text-editor.default\">\n\t\t\t\t<div class=\"elementor-widget-container\">\n\t\t\t\t\t\t\t\t\t<p><strong>Adresse\u00a0<\/strong>: Haras de Magdalena 13114 Puyloubier<\/p><p><strong>Nom des formateurs<\/strong> : Claire de Chevigny (responsable), Sol\u00e8ne de Chevigny et Chantal Horlaville<\/p><p><strong>Site web\u00a0<\/strong>: <a href=\"https:\/\/www.ecole-de-shiatsu-equin.com\/\" target=\"_blank\" rel=\"noopener noreferrer\">https:\/\/www.ecole-de-shiatsu-equin.com\/<\/a> et <a href=\"https:\/\/formation-shiatsu-canin.com\/\" target=\"_blank\" rel=\"noopener noreferrer\">https:\/\/formation-shiatsu-canin.com\/<\/a><\/p><p><strong>T\u00e9l\u00e9phone<\/strong> : 07.87.38.66.99<\/p><p><strong>Mail\u00a0<\/strong>: <a href=\"mailto:contact@ecole-de-shiatsu-equin.com\" rel=\"noreferrer\">contact@ecole-de-shiatsu-equin.com<\/a>\u00a0<\/p>\t\t\t\t\t\t\t\t<\/div>\n\t\t\t\t<\/div>\n\t\t\t\t<div class=\"elementor-element elementor-element-2f3a0147 elementor-widget elementor-widget-button\" data-id=\"2f3a0147\" data-element_type=\"widget\" data-e-type=\"widget\" data-widget_type=\"button.default\">\n\t\t\t\t<div class=\"elementor-widget-container\">\n\t\t\t\t\t\t\t\t\t<div class=\"elementor-button-wrapper\">\n\t\t\t\t\t<a class=\"elementor-button elementor-button-link elementor-size-sm\" href=\"https:\/\/ffst.fr\/wp-content\/uploads\/2026\/02\/2026-LIVRET-RECUEIL-DINFORMATIONS-CONCERNANT-LES-ECOLES-FFST.pdf\" target=\"_blank\">\n\t\t\t\t\t\t<span class=\"elementor-button-content-wrapper\">\n\t\t\t\t\t\t<span class=\"elementor-button-icon\">\n\t\t\t\t<svg aria-hidden=\"true\" class=\"e-font-icon-svg e-fas-external-link-alt\" viewBox=\"0 0 512 512\" xmlns=\"http:\/\/www.w3.org\/2000\/svg\"><path d=\"M432,320H400a16,16,0,0,0-16,16V448H64V128H208a16,16,0,0,0,16-16V80a16,16,0,0,0-16-16H48A48,48,0,0,0,0,112V464a48,48,0,0,0,48,48H400a48,48,0,0,0,48-48V336A16,16,0,0,0,432,320ZM488,0h-128c-21.37,0-32.05,25.91-17,41l35.73,35.73L135,320.37a24,24,0,0,0,0,34L157.67,377a24,24,0,0,0,34,0L435.28,133.32,471,169c15,15,41,4.5,41-17V24A24,24,0,0,0,488,0Z\"><\/path><\/svg>\t\t\t<\/span>\n\t\t\t\t\t\t\t\t\t<span class=\"elementor-button-text\">En savoir plus<\/span>\n\t\t\t\t\t<\/span>\n\t\t\t\t\t<\/a>\n\t\t\t\t<\/div>\n\t\t\t\t\t\t\t\t<\/div>\n\t\t\t\t<\/div>\n\t\t\t\t\t<\/div>\n\t\t\t\t<\/div>\n\t\t<div class=\"elementor-element elementor-element-75880252 e-flex e-con-boxed e-con e-child\" data-id=\"75880252\" data-element_type=\"container\" data-e-type=\"container\">\n\t\t\t\t\t<div class=\"e-con-inner\">\n\t\t\t\t<div class=\"elementor-element elementor-element-7f2e3dd6 elementor-widget elementor-widget-image\" data-id=\"7f2e3dd6\" data-element_type=\"widget\" data-e-type=\"widget\" data-widget_type=\"image.default\">\n\t\t\t\t<div class=\"elementor-widget-container\">\n\t\t\t\t\t\t\t\t\t\t\t\t\t\t\t\t<a href=\"https:\/\/ffst.fr\/wp-content\/uploads\/2026\/02\/ESE-ecole-de-shiatsu-equin-et-canin-.png\" data-elementor-open-lightbox=\"yes\" data-e-action-hash=\"#elementor-action%3Aaction%3Dlightbox%26settings%3DeyJpZCI6MTM5MDksInVybCI6Imh0dHBzOlwvXC9mZnN0LmZyXC93cC1jb250ZW50XC91cGxvYWRzXC8yMDI2XC8wMlwvRVNFLWVjb2xlLWRlLXNoaWF0c3UtZXF1aW4tZXQtY2FuaW4tLnBuZyJ9\">\n\t\t\t\t\t\t\t<img fetchpriority=\"high\" decoding=\"async\" width=\"1414\" height=\"2000\" src=\"https:\/\/ffst.fr\/wp-content\/uploads\/2026\/02\/ESE-ecole-de-shiatsu-equin-et-canin-.png\" class=\"attachment-full size-full wp-image-13909\" alt=\"\" srcset=\"https:\/\/ffst.fr\/wp-content\/uploads\/2026\/02\/ESE-ecole-de-shiatsu-equin-et-canin-.png 1414w, https:\/\/ffst.fr\/wp-content\/uploads\/2026\/02\/ESE-ecole-de-shiatsu-equin-et-canin--212x300.png 212w, https:\/\/ffst.fr\/wp-content\/uploads\/2026\/02\/ESE-ecole-de-shiatsu-equin-et-canin--724x1024.png 724w, https:\/\/ffst.fr\/wp-content\/uploads\/2026\/02\/ESE-ecole-de-shiatsu-equin-et-canin--768x1086.png 768w, https:\/\/ffst.fr\/wp-content\/uploads\/2026\/02\/ESE-ecole-de-shiatsu-equin-et-canin--1086x1536.png 1086w, https:\/\/ffst.fr\/wp-content\/uploads\/2026\/02\/ESE-ecole-de-shiatsu-equin-et-canin--600x849.png 600w\" sizes=\"(max-width: 1414px) 100vw, 1414px\" \/>\t\t\t\t\t\t\t\t<\/a>\n\t\t\t\t\t\t\t\t\t\t\t\t\t\t\t<\/div>\n\t\t\t\t<\/div>\n\t\t\t\t\t<\/div>\n\t\t\t\t<\/div>\n\t\t\t\t\t<\/div>\n\t\t\t\t<\/div>\n\t\t\t\t<div class=\"elementor-element elementor-element-2a544267 elementor-widget elementor-widget-image\" data-id=\"2a544267\" data-element_type=\"widget\" data-e-type=\"widget\" data-widget_type=\"image.default\">\n\t\t\t\t<div class=\"elementor-widget-container\">\n\t\t\t\t\t\t\t\t\t\t\t\t\t\t\t<img decoding=\"async\" width=\"500\" height=\"500\" src=\"https:\/\/ffst.fr\/wp-content\/uploads\/2024\/01\/federation-francaise-de-shiatsu-traditionnel-logo.png\" class=\"attachment-large size-large wp-image-744\" alt=\"Logo F\u00e9d\u00e9ration Fran\u00e7aise de Shiatsu Traditionnel\" srcset=\"https:\/\/ffst.fr\/wp-content\/uploads\/2024\/01\/federation-francaise-de-shiatsu-traditionnel-logo.png 500w, https:\/\/ffst.fr\/wp-content\/uploads\/2024\/01\/federation-francaise-de-shiatsu-traditionnel-logo-300x300.png 300w, https:\/\/ffst.fr\/wp-content\/uploads\/2024\/01\/federation-francaise-de-shiatsu-traditionnel-logo-150x150.png 150w\" sizes=\"(max-width: 500px) 100vw, 500px\" \/>\t\t\t\t\t\t\t\t\t\t\t\t\t\t\t<\/div>\n\t\t\t\t<\/div>\n\t\t\t\t<div class=\"elementor-element elementor-element-19b152c0 elementor-widget elementor-widget-html\" data-id=\"19b152c0\" data-element_type=\"widget\" data-e-type=\"widget\" data-widget_type=\"html.default\">\n\t\t\t\t<div class=\"elementor-widget-container\">\n\t\t\t\t\t<button onclick=\"goBack()\">Retour \u00e0 la page pr\u00e9c\u00e9dente<\/button>\r\n\r\n<script>\r\nfunction goBack() {\r\n  window.history.back();\r\n}\r\n<\/script>\t\t\t\t<\/div>\n\t\t\t\t<\/div>\n\t\t\t\t\t<\/div>\n\t\t\t\t<\/div>\n\t\t\t\t<\/div>\n\t\t","protected":false},"featured_media":13907,"template":"","meta":{"_acf_changed":false,"inline_featured_image":false},"departements":[60],"type-de-shiatsu":[44],"class_list":["post-13906","centres-de-formation","type-centres-de-formation","status-publish","has-post-thumbnail","hentry","departements-bouches-du-rhone","type-de-shiatsu-animalier"],"acf":[],"yoast_head":"<!-- This site is optimized with the Yoast SEO plugin v28.3 - https:\/\/yoast.com\/product\/yoast-seo-wordpress\/ -->\n<title>ESE \u00e9cole de shiatsu \u00e9quin et canin - F\u00e9d\u00e9ration Fran\u00e7aise de Shiatsu Traditionnel<\/title>\n<meta name=\"robots\" content=\"index, follow, max-snippet:-1, max-image-preview:large, max-video-preview:-1\" \/>\n<link rel=\"canonical\" href=\"https:\/\/ffst.fr\/centres-de-formation\/ese-ecole-de-shiatsu-equin-et-canin\/\" \/>\n<meta property=\"og:locale\" content=\"fr_FR\" \/>\n<meta property=\"og:type\" content=\"article\" \/>\n<meta property=\"og:title\" content=\"ESE \u00e9cole de shiatsu \u00e9quin et canin - F\u00e9d\u00e9ration Fran\u00e7aise de Shiatsu Traditionnel\" \/>\n<meta property=\"og:description\" content=\"Adresse\u00a0: Haras de Magdalena 13114 Puyloubier Nom des formateurs : Claire de Chevigny (responsable), Sol\u00e8ne de Chevigny et Chantal Horlaville Site web\u00a0: https:\/\/www.ecole-de-shiatsu-equin.com\/ et https:\/\/formation-shiatsu-canin.com\/ T\u00e9l\u00e9phone : 07.87.38.66.99 Mail\u00a0: contact@ecole-de-shiatsu-equin.com\u00a0 En savoir plus Retour \u00e0 la page pr\u00e9c\u00e9dente\" \/>\n<meta property=\"og:url\" content=\"https:\/\/ffst.fr\/centres-de-formation\/ese-ecole-de-shiatsu-equin-et-canin\/\" \/>\n<meta property=\"og:site_name\" content=\"F\u00e9d\u00e9ration Fran\u00e7aise de Shiatsu Traditionnel\" \/>\n<meta property=\"article:modified_time\" content=\"2026-02-27T07:42:33+00:00\" \/>\n<meta property=\"og:image\" content=\"https:\/\/ffst.fr\/wp-content\/uploads\/2026\/02\/WEB_LOGO_ESE_GRAINEDEVIE.jpg\" \/>\n\t<meta property=\"og:image:width\" content=\"842\" \/>\n\t<meta property=\"og:image:height\" content=\"595\" \/>\n\t<meta property=\"og:image:type\" content=\"image\/jpeg\" \/>\n<meta name=\"twitter:card\" content=\"summary_large_image\" \/>\n<meta name=\"twitter:label1\" content=\"Dur\u00e9e de lecture estim\u00e9e\" \/>\n\t<meta name=\"twitter:data1\" content=\"1 minute\" \/>\n<script type=\"application\/ld+json\" class=\"yoast-schema-graph\">{\"@context\":\"https:\\\/\\\/schema.org\",\"@graph\":[{\"@type\":\"WebPage\",\"@id\":\"https:\\\/\\\/ffst.fr\\\/centres-de-formation\\\/ese-ecole-de-shiatsu-equin-et-canin\\\/\",\"url\":\"https:\\\/\\\/ffst.fr\\\/centres-de-formation\\\/ese-ecole-de-shiatsu-equin-et-canin\\\/\",\"name\":\"ESE \u00e9cole de shiatsu \u00e9quin et canin - F\u00e9d\u00e9ration Fran\u00e7aise de Shiatsu Traditionnel\",\"isPartOf\":{\"@id\":\"https:\\\/\\\/ffst.fr\\\/#website\"},\"primaryImageOfPage\":{\"@id\":\"https:\\\/\\\/ffst.fr\\\/centres-de-formation\\\/ese-ecole-de-shiatsu-equin-et-canin\\\/#primaryimage\"},\"image\":{\"@id\":\"https:\\\/\\\/ffst.fr\\\/centres-de-formation\\\/ese-ecole-de-shiatsu-equin-et-canin\\\/#primaryimage\"},\"thumbnailUrl\":\"https:\\\/\\\/ffst.fr\\\/wp-content\\\/uploads\\\/2026\\\/02\\\/WEB_LOGO_ESE_GRAINEDEVIE.jpg\",\"datePublished\":\"2026-02-26T10:27:11+00:00\",\"dateModified\":\"2026-02-27T07:42:33+00:00\",\"breadcrumb\":{\"@id\":\"https:\\\/\\\/ffst.fr\\\/centres-de-formation\\\/ese-ecole-de-shiatsu-equin-et-canin\\\/#breadcrumb\"},\"inLanguage\":\"fr-FR\",\"potentialAction\":[{\"@type\":\"ReadAction\",\"target\":[\"https:\\\/\\\/ffst.fr\\\/centres-de-formation\\\/ese-ecole-de-shiatsu-equin-et-canin\\\/\"]}]},{\"@type\":\"ImageObject\",\"inLanguage\":\"fr-FR\",\"@id\":\"https:\\\/\\\/ffst.fr\\\/centres-de-formation\\\/ese-ecole-de-shiatsu-equin-et-canin\\\/#primaryimage\",\"url\":\"https:\\\/\\\/ffst.fr\\\/wp-content\\\/uploads\\\/2026\\\/02\\\/WEB_LOGO_ESE_GRAINEDEVIE.jpg\",\"contentUrl\":\"https:\\\/\\\/ffst.fr\\\/wp-content\\\/uploads\\\/2026\\\/02\\\/WEB_LOGO_ESE_GRAINEDEVIE.jpg\",\"width\":842,\"height\":595},{\"@type\":\"BreadcrumbList\",\"@id\":\"https:\\\/\\\/ffst.fr\\\/centres-de-formation\\\/ese-ecole-de-shiatsu-equin-et-canin\\\/#breadcrumb\",\"itemListElement\":[{\"@type\":\"ListItem\",\"position\":1,\"name\":\"Accueil\",\"item\":\"https:\\\/\\\/ffst.fr\\\/\"},{\"@type\":\"ListItem\",\"position\":2,\"name\":\"ESE \u00e9cole de shiatsu \u00e9quin et canin\"}]},{\"@type\":\"WebSite\",\"@id\":\"https:\\\/\\\/ffst.fr\\\/#website\",\"url\":\"https:\\\/\\\/ffst.fr\\\/\",\"name\":\"F\u00e9d\u00e9ration Fran\u00e7aise de Shiatsu Traditionnel\",\"description\":\"\",\"potentialAction\":[{\"@type\":\"SearchAction\",\"target\":{\"@type\":\"EntryPoint\",\"urlTemplate\":\"https:\\\/\\\/ffst.fr\\\/?s={search_term_string}\"},\"query-input\":{\"@type\":\"PropertyValueSpecification\",\"valueRequired\":true,\"valueName\":\"search_term_string\"}}],\"inLanguage\":\"fr-FR\"}]}<\/script>\n<!-- \/ Yoast SEO plugin. -->","yoast_head_json":{"title":"ESE \u00e9cole de shiatsu \u00e9quin et canin - F\u00e9d\u00e9ration Fran\u00e7aise de Shiatsu Traditionnel","robots":{"index":"index","follow":"follow","max-snippet":"max-snippet:-1","max-image-preview":"max-image-preview:large","max-video-preview":"max-video-preview:-1"},"canonical":"https:\/\/ffst.fr\/centres-de-formation\/ese-ecole-de-shiatsu-equin-et-canin\/","og_locale":"fr_FR","og_type":"article","og_title":"ESE \u00e9cole de shiatsu \u00e9quin et canin - F\u00e9d\u00e9ration Fran\u00e7aise de Shiatsu Traditionnel","og_description":"Adresse\u00a0: Haras de Magdalena 13114 Puyloubier Nom des formateurs : Claire de Chevigny (responsable), Sol\u00e8ne de Chevigny et Chantal Horlaville Site web\u00a0: https:\/\/www.ecole-de-shiatsu-equin.com\/ et https:\/\/formation-shiatsu-canin.com\/ T\u00e9l\u00e9phone : 07.87.38.66.99 Mail\u00a0: contact@ecole-de-shiatsu-equin.com\u00a0 En savoir plus Retour \u00e0 la page pr\u00e9c\u00e9dente","og_url":"https:\/\/ffst.fr\/centres-de-formation\/ese-ecole-de-shiatsu-equin-et-canin\/","og_site_name":"F\u00e9d\u00e9ration Fran\u00e7aise de Shiatsu Traditionnel","article_modified_time":"2026-02-27T07:42:33+00:00","og_image":[{"width":842,"height":595,"url":"https:\/\/ffst.fr\/wp-content\/uploads\/2026\/02\/WEB_LOGO_ESE_GRAINEDEVIE.jpg","type":"image\/jpeg"}],"twitter_card":"summary_large_image","twitter_misc":{"Dur\u00e9e de lecture estim\u00e9e":"1 minute"},"schema":{"@context":"https:\/\/schema.org","@graph":[{"@type":"WebPage","@id":"https:\/\/ffst.fr\/centres-de-formation\/ese-ecole-de-shiatsu-equin-et-canin\/","url":"https:\/\/ffst.fr\/centres-de-formation\/ese-ecole-de-shiatsu-equin-et-canin\/","name":"ESE \u00e9cole de shiatsu \u00e9quin et canin - F\u00e9d\u00e9ration Fran\u00e7aise de Shiatsu Traditionnel","isPartOf":{"@id":"https:\/\/ffst.fr\/#website"},"primaryImageOfPage":{"@id":"https:\/\/ffst.fr\/centres-de-formation\/ese-ecole-de-shiatsu-equin-et-canin\/#primaryimage"},"image":{"@id":"https:\/\/ffst.fr\/centres-de-formation\/ese-ecole-de-shiatsu-equin-et-canin\/#primaryimage"},"thumbnailUrl":"https:\/\/ffst.fr\/wp-content\/uploads\/2026\/02\/WEB_LOGO_ESE_GRAINEDEVIE.jpg","datePublished":"2026-02-26T10:27:11+00:00","dateModified":"2026-02-27T07:42:33+00:00","breadcrumb":{"@id":"https:\/\/ffst.fr\/centres-de-formation\/ese-ecole-de-shiatsu-equin-et-canin\/#breadcrumb"},"inLanguage":"fr-FR","potentialAction":[{"@type":"ReadAction","target":["https:\/\/ffst.fr\/centres-de-formation\/ese-ecole-de-shiatsu-equin-et-canin\/"]}]},{"@type":"ImageObject","inLanguage":"fr-FR","@id":"https:\/\/ffst.fr\/centres-de-formation\/ese-ecole-de-shiatsu-equin-et-canin\/#primaryimage","url":"https:\/\/ffst.fr\/wp-content\/uploads\/2026\/02\/WEB_LOGO_ESE_GRAINEDEVIE.jpg","contentUrl":"https:\/\/ffst.fr\/wp-content\/uploads\/2026\/02\/WEB_LOGO_ESE_GRAINEDEVIE.jpg","width":842,"height":595},{"@type":"BreadcrumbList","@id":"https:\/\/ffst.fr\/centres-de-formation\/ese-ecole-de-shiatsu-equin-et-canin\/#breadcrumb","itemListElement":[{"@type":"ListItem","position":1,"name":"Accueil","item":"https:\/\/ffst.fr\/"},{"@type":"ListItem","position":2,"name":"ESE \u00e9cole de shiatsu \u00e9quin et canin"}]},{"@type":"WebSite","@id":"https:\/\/ffst.fr\/#website","url":"https:\/\/ffst.fr\/","name":"F\u00e9d\u00e9ration Fran\u00e7aise de Shiatsu Traditionnel","description":"","potentialAction":[{"@type":"SearchAction","target":{"@type":"EntryPoint","urlTemplate":"https:\/\/ffst.fr\/?s={search_term_string}"},"query-input":{"@type":"PropertyValueSpecification","valueRequired":true,"valueName":"search_term_string"}}],"inLanguage":"fr-FR"}]}},"_links":{"self":[{"href":"https:\/\/ffst.fr\/index.php?rest_route=\/wp\/v2\/centres-de-formation\/13906","targetHints":{"allow":["GET"]}}],"collection":[{"href":"https:\/\/ffst.fr\/index.php?rest_route=\/wp\/v2\/centres-de-formation"}],"about":[{"href":"https:\/\/ffst.fr\/index.php?rest_route=\/wp\/v2\/types\/centres-de-formation"}],"version-history":[{"count":0,"href":"https:\/\/ffst.fr\/index.php?rest_route=\/wp\/v2\/centres-de-formation\/13906\/revisions"}],"wp:featuredmedia":[{"embeddable":true,"href":"https:\/\/ffst.fr\/index.php?rest_route=\/wp\/v2\/media\/13907"}],"wp:attachment":[{"href":"https:\/\/ffst.fr\/index.php?rest_route=%2Fwp%2Fv2%2Fmedia&parent=13906"}],"wp:term":[{"taxonomy":"departements","embeddable":true,"href":"https:\/\/ffst.fr\/index.php?rest_route=%2Fwp%2Fv2%2Fdepartements&post=13906"},{"taxonomy":"type-de-shiatsu","embeddable":true,"href":"https:\/\/ffst.fr\/index.php?rest_route=%2Fwp%2Fv2%2Ftype-de-shiatsu&post=13906"}],"curies":[{"name":"wp","href":"https:\/\/api.w.org\/{rel}","templated":true}]}}